{"id":539,"date":"2020-01-07T12:06:44","date_gmt":"2020-01-07T12:06:44","guid":{"rendered":"https:\/\/www.bbelsaececco.it\/perche-cesena\/"},"modified":"2020-03-26T14:42:41","modified_gmt":"2020-03-26T14:42:41","slug":"perche-cesena","status":"publish","type":"page","link":"https:\/\/www.bbelsaececco.it\/it\/perche-cesena\/","title":{"rendered":"Perch\u00e9 Cesena"},"content":{"rendered":"\t\t<div data-elementor-type=\"wp-page\" data-elementor-id=\"539\" class=\"elementor elementor-539 elementor-85\">\n\t\t\t\t\t\t<div class=\"elementor-inner\">\n\t\t\t\t<div class=\"elementor-section-wrap\">\n\t\t\t\t\t\t\t\t\t<section class=\"elementor-section elementor-top-section elementor-element elementor-element-7c2d044 elementor-section-content-middle elementor-reverse-mobile elementor-section-boxed elementor-section-height-default elementor-section-height-default\" data-id=\"7c2d044\" data-element_type=\"section\">\n\t\t\t\t\t\t<div class=\"elementor-container elementor-column-gap-default\">\n\t\t\t\t\t\t\t<div class=\"elementor-row\">\n\t\t\t\t\t<div class=\"elementor-column elementor-col-50 elementor-top-column elementor-element elementor-element-cfd4b30\" data-id=\"cfd4b30\" data-element_type=\"column\">\n\t\t\t<div class=\"elementor-column-wrap elementor-element-populated\">\n\t\t\t\t\t\t\t<div class=\"elementor-widget-wrap\">\n\t\t\t\t\t\t<div class=\"elementor-element elementor-element-3f1b211 elementor-widget elementor-widget-heading\" data-id=\"3f1b211\" data-element_type=\"widget\" data-widget_type=\"heading.default\">\n\t\t\t\t<div class=\"elementor-widget-container\">\n\t\t\t<h1 class=\"elementor-heading-title elementor-size-default\">Perch\u00e9 Cesena<\/h1>\t\t<\/div>\n\t\t\t\t<\/div>\n\t\t\t\t<div class=\"elementor-element elementor-element-79abdb1 elementor-widget elementor-widget-text-editor\" data-id=\"79abdb1\" data-element_type=\"widget\" data-widget_type=\"text-editor.default\">\n\t\t\t\t<div class=\"elementor-widget-container\">\n\t\t\t\t\t\t\t\t<div class=\"elementor-text-editor elementor-clearfix\">\n\t\t\t\t<p>Cesena \u00e8 una cittadina deliziosa che vanta un ricco patrimonio storico e culturale. Primi fra tutti il patrimonio Unesco della Biblioteca Malatestiana, la Piazza del Popolo, la Fontana Masini (raffinato esempio di arte barocca), il Teatro Bonci, l\u2019Abbazia del Monte. Le colline abbracciano la citt\u00e0 e da l\u00ec si pu\u00f2 vedere in lontananza il mare Adriatico.<\/p>\t\t\t\t\t<\/div>\n\t\t\t\t\t\t<\/div>\n\t\t\t\t<\/div>\n\t\t\t\t<div class=\"elementor-element elementor-element-89858f9 elementor-widget elementor-widget-button\" data-id=\"89858f9\" data-element_type=\"widget\" data-widget_type=\"button.default\">\n\t\t\t\t<div class=\"elementor-widget-container\">\n\t\t\t\t\t<div class=\"elementor-button-wrapper\">\n\t\t\t<a href=\"https:\/\/www.bbelsaececco.it\/it\/scrivici\/\" class=\"elementor-button-link elementor-button elementor-size-lg\" role=\"button\">\n\t\t\t\t\t\t<span class=\"elementor-button-content-wrapper\">\n\t\t\t\t\t\t<span class=\"elementor-button-text\">Richiedi informazioni<\/span>\n\t\t<\/span>\n\t\t\t\t\t<\/a>\n\t\t<\/div>\n\t\t\t\t<\/div>\n\t\t\t\t<\/div>\n\t\t\t\t\t\t<\/div>\n\t\t\t\t\t<\/div>\n\t\t<\/div>\n\t\t\t\t<div class=\"elementor-column elementor-col-50 elementor-top-column elementor-element elementor-element-b4bad48\" data-id=\"b4bad48\" data-element_type=\"column\">\n\t\t\t<div class=\"elementor-column-wrap elementor-element-populated\">\n\t\t\t\t\t\t\t<div class=\"elementor-widget-wrap\">\n\t\t\t\t\t\t<div class=\"elementor-element elementor-element-6f6398a elementor-widget elementor-widget-image\" data-id=\"6f6398a\" data-element_type=\"widget\" data-widget_type=\"image.default\">\n\t\t\t\t<div class=\"elementor-widget-container\">\n\t\t\t\t\t\t\t\t<div class=\"elementor-image\">\n\t\t\t\t\t\t\t\t\t\t\t\t<img decoding=\"async\" loading=\"lazy\" width=\"800\" height=\"809\" src=\"https:\/\/www.bbelsaececco.it\/wp-content\/uploads\/2020\/01\/bb_perchecesena_banner.png\" class=\"attachment-large size-large\" alt=\"\" srcset=\"https:\/\/www.bbelsaececco.it\/wp-content\/uploads\/2020\/01\/bb_perchecesena_banner.png 800w, https:\/\/www.bbelsaececco.it\/wp-content\/uploads\/2020\/01\/bb_perchecesena_banner-297x300.png 297w, https:\/\/www.bbelsaececco.it\/wp-content\/uploads\/2020\/01\/bb_perchecesena_banner-768x777.png 768w\" sizes=\"(max-width: 800px) 100vw, 800px\" \/>\t\t\t\t\t\t\t\t\t\t\t\t\t\t<\/div>\n\t\t\t\t\t\t<\/div>\n\t\t\t\t<\/div>\n\t\t\t\t\t\t<\/div>\n\t\t\t\t\t<\/div>\n\t\t<\/div>\n\t\t\t\t\t\t\t\t<\/div>\n\t\t\t\t\t<\/div>\n\t\t<\/section>\n\t\t\t\t<section class=\"elementor-section elementor-top-section elementor-element elementor-element-7f33c14 elementor-section-boxed elementor-section-height-default elementor-section-height-default\" data-id=\"7f33c14\" data-element_type=\"section\">\n\t\t\t\t\t\t<div class=\"elementor-container elementor-column-gap-default\">\n\t\t\t\t\t\t\t<div class=\"elementor-row\">\n\t\t\t\t\t<div class=\"elementor-column elementor-col-50 elementor-top-column elementor-element elementor-element-71b862c\" data-id=\"71b862c\" data-element_type=\"column\">\n\t\t\t<div class=\"elementor-column-wrap elementor-element-populated\">\n\t\t\t\t\t\t\t<div class=\"elementor-widget-wrap\">\n\t\t\t\t\t\t<div class=\"elementor-element elementor-element-bd871e3 elementor-widget elementor-widget-heading\" data-id=\"bd871e3\" data-element_type=\"widget\" data-widget_type=\"heading.default\">\n\t\t\t\t<div class=\"elementor-widget-container\">\n\t\t\t<h2 class=\"elementor-heading-title elementor-size-default\">Centro storico<\/h2>\t\t<\/div>\n\t\t\t\t<\/div>\n\t\t\t\t<div class=\"elementor-element elementor-element-28fa08b elementor-widget elementor-widget-image\" data-id=\"28fa08b\" data-element_type=\"widget\" data-widget_type=\"image.default\">\n\t\t\t\t<div class=\"elementor-widget-container\">\n\t\t\t\t\t\t\t\t<div class=\"elementor-image\">\n\t\t\t\t\t\t\t\t\t\t\t\t<img decoding=\"async\" loading=\"lazy\" width=\"600\" height=\"276\" src=\"https:\/\/www.bbelsaececco.it\/wp-content\/uploads\/2020\/01\/bb_perchecesena_centrostorico_v2.jpg\" class=\"attachment-large size-large\" alt=\"\" srcset=\"https:\/\/www.bbelsaececco.it\/wp-content\/uploads\/2020\/01\/bb_perchecesena_centrostorico_v2.jpg 600w, https:\/\/www.bbelsaececco.it\/wp-content\/uploads\/2020\/01\/bb_perchecesena_centrostorico_v2-300x138.jpg 300w\" sizes=\"(max-width: 600px) 100vw, 600px\" \/>\t\t\t\t\t\t\t\t\t\t\t\t\t\t<\/div>\n\t\t\t\t\t\t<\/div>\n\t\t\t\t<\/div>\n\t\t\t\t<div class=\"elementor-element elementor-element-4b321dc elementor-widget elementor-widget-text-editor\" data-id=\"4b321dc\" data-element_type=\"widget\" data-widget_type=\"text-editor.default\">\n\t\t\t\t<div class=\"elementor-widget-container\">\n\t\t\t\t\t\t\t\t<div class=\"elementor-text-editor elementor-clearfix\">\n\t\t\t\tPrimo fra tutti il Patrimonio Unesco della <a href=\"http:\/\/www.comune.cesena.fc.it\/malatestiana\" target=\"_blank\" rel=\"noopener\">Biblioteca Malatestiana<\/a>, cui non potete non fare visita prima di ripartire. Accanto a questa visita, consigliamo una passeggiata in Piazza del Popolo, dove ammirerete un raffinato esempio di arte barocca nella Fontana del Masini; e una visita all\u2019<a href=\"http:\/\/www.abbaziadelmonte.it\/\" target=\"_blank\" rel=\"noopener\">Abbazia del Monte<\/a>, che vi racconter\u00e0 di ex voto e dove sar\u00e0 possibile visitare la sua biblioteca (su richiesta).\nIl cuore cittadino si distingue infatti per la sua <a href=\"http:\/\/www.cesenatoday.it\/eventi\/\" target=\"_blank\" rel=\"noopener\">dinamicit\u00e0<\/a>, che si accende in particolare il mercoled\u00ec e nel fine settimana.\t\t\t\t\t<\/div>\n\t\t\t\t\t\t<\/div>\n\t\t\t\t<\/div>\n\t\t\t\t\t\t<\/div>\n\t\t\t\t\t<\/div>\n\t\t<\/div>\n\t\t\t\t<div class=\"elementor-column elementor-col-50 elementor-top-column elementor-element elementor-element-f97a4fe\" data-id=\"f97a4fe\" data-element_type=\"column\">\n\t\t\t<div class=\"elementor-column-wrap elementor-element-populated\">\n\t\t\t\t\t\t\t<div class=\"elementor-widget-wrap\">\n\t\t\t\t\t\t<div class=\"elementor-element elementor-element-ca36986 elementor-widget elementor-widget-heading\" data-id=\"ca36986\" data-element_type=\"widget\" data-widget_type=\"heading.default\">\n\t\t\t\t<div class=\"elementor-widget-container\">\n\t\t\t<h2 class=\"elementor-heading-title elementor-size-default\">Teatro Bonci<\/h2>\t\t<\/div>\n\t\t\t\t<\/div>\n\t\t\t\t<div class=\"elementor-element elementor-element-39e60e3 elementor-widget elementor-widget-image\" data-id=\"39e60e3\" data-element_type=\"widget\" data-widget_type=\"image.default\">\n\t\t\t\t<div class=\"elementor-widget-container\">\n\t\t\t\t\t\t\t\t<div class=\"elementor-image\">\n\t\t\t\t\t\t\t\t\t\t\t\t<img decoding=\"async\" loading=\"lazy\" width=\"600\" height=\"276\" src=\"https:\/\/www.bbelsaececco.it\/wp-content\/uploads\/2020\/01\/bb_perchecesena_teatrobonci.png\" class=\"attachment-large size-large\" alt=\"\" srcset=\"https:\/\/www.bbelsaececco.it\/wp-content\/uploads\/2020\/01\/bb_perchecesena_teatrobonci.png 600w, https:\/\/www.bbelsaececco.it\/wp-content\/uploads\/2020\/01\/bb_perchecesena_teatrobonci-300x138.png 300w\" sizes=\"(max-width: 600px) 100vw, 600px\" \/>\t\t\t\t\t\t\t\t\t\t\t\t\t\t<\/div>\n\t\t\t\t\t\t<\/div>\n\t\t\t\t<\/div>\n\t\t\t\t<div class=\"elementor-element elementor-element-876a16e elementor-widget elementor-widget-text-editor\" data-id=\"876a16e\" data-element_type=\"widget\" data-widget_type=\"text-editor.default\">\n\t\t\t\t<div class=\"elementor-widget-container\">\n\t\t\t\t\t\t\t\t<div class=\"elementor-text-editor elementor-clearfix\">\n\t\t\t\t<p>Il <a href=\"http:\/\/cesena.emiliaromagnateatro.com\/\" target=\"_blank\" rel=\"noopener\">Teatro Bonci<\/a> \u00e8 un gioiello mantenuto con attenzione e cura, il cui cartellone spazia dalla Lirica ai Concerti, dalla Prosa al Teatro di Ricerca, dal Musical al Balletto.<\/p>\t\t\t\t\t<\/div>\n\t\t\t\t\t\t<\/div>\n\t\t\t\t<\/div>\n\t\t\t\t\t\t<\/div>\n\t\t\t\t\t<\/div>\n\t\t<\/div>\n\t\t\t\t\t\t\t\t<\/div>\n\t\t\t\t\t<\/div>\n\t\t<\/section>\n\t\t\t\t<section class=\"elementor-section elementor-top-section elementor-element elementor-element-7b79934 elementor-section-boxed elementor-section-height-default elementor-section-height-default\" data-id=\"7b79934\" data-element_type=\"section\">\n\t\t\t\t\t\t<div class=\"elementor-container elementor-column-gap-default\">\n\t\t\t\t\t\t\t<div class=\"elementor-row\">\n\t\t\t\t\t<div class=\"elementor-column elementor-col-50 elementor-top-column elementor-element elementor-element-048228d\" data-id=\"048228d\" data-element_type=\"column\">\n\t\t\t<div class=\"elementor-column-wrap elementor-element-populated\">\n\t\t\t\t\t\t\t<div class=\"elementor-widget-wrap\">\n\t\t\t\t\t\t<div class=\"elementor-element elementor-element-37b1be9 elementor-widget elementor-widget-heading\" data-id=\"37b1be9\" data-element_type=\"widget\" data-widget_type=\"heading.default\">\n\t\t\t\t<div class=\"elementor-widget-container\">\n\t\t\t<h2 class=\"elementor-heading-title elementor-size-default\">Le colline<\/h2>\t\t<\/div>\n\t\t\t\t<\/div>\n\t\t\t\t<div class=\"elementor-element elementor-element-e0948fa elementor-widget elementor-widget-image\" data-id=\"e0948fa\" data-element_type=\"widget\" data-widget_type=\"image.default\">\n\t\t\t\t<div class=\"elementor-widget-container\">\n\t\t\t\t\t\t\t\t<div class=\"elementor-image\">\n\t\t\t\t\t\t\t\t\t\t\t\t<img decoding=\"async\" loading=\"lazy\" width=\"600\" height=\"276\" src=\"https:\/\/www.bbelsaececco.it\/wp-content\/uploads\/2020\/01\/bb_perchecesena_colline.png\" class=\"attachment-large size-large\" alt=\"\" srcset=\"https:\/\/www.bbelsaececco.it\/wp-content\/uploads\/2020\/01\/bb_perchecesena_colline.png 600w, https:\/\/www.bbelsaececco.it\/wp-content\/uploads\/2020\/01\/bb_perchecesena_colline-300x138.png 300w\" sizes=\"(max-width: 600px) 100vw, 600px\" \/>\t\t\t\t\t\t\t\t\t\t\t\t\t\t<\/div>\n\t\t\t\t\t\t<\/div>\n\t\t\t\t<\/div>\n\t\t\t\t<div class=\"elementor-element elementor-element-8b8496b elementor-widget elementor-widget-text-editor\" data-id=\"8b8496b\" data-element_type=\"widget\" data-widget_type=\"text-editor.default\">\n\t\t\t\t<div class=\"elementor-widget-container\">\n\t\t\t\t\t\t\t\t<div class=\"elementor-text-editor elementor-clearfix\">\n\t\t\t\t<p><a href=\"http:\/\/www.romagnatrekking.it\/\" target=\"_blank\" rel=\"noopener\">Le colline<\/a> che abbracciano Cesena sono a pochi chilometri di distanza e offrono paesaggi e brezze sempre piacevoli, soprattutto nelle aie di <a href=\"https:\/\/www.romagnaatavola.it\/zona\/cesena\/\" target=\"_blank\" rel=\"noopener\">trattorie di gusto<\/a>.<\/p>\t\t\t\t\t<\/div>\n\t\t\t\t\t\t<\/div>\n\t\t\t\t<\/div>\n\t\t\t\t\t\t<\/div>\n\t\t\t\t\t<\/div>\n\t\t<\/div>\n\t\t\t\t<div class=\"elementor-column elementor-col-50 elementor-top-column elementor-element elementor-element-eb001f0\" data-id=\"eb001f0\" data-element_type=\"column\">\n\t\t\t<div class=\"elementor-column-wrap elementor-element-populated\">\n\t\t\t\t\t\t\t<div class=\"elementor-widget-wrap\">\n\t\t\t\t\t\t<div class=\"elementor-element elementor-element-87ffb5c elementor-widget elementor-widget-heading\" data-id=\"87ffb5c\" data-element_type=\"widget\" data-widget_type=\"heading.default\">\n\t\t\t\t<div class=\"elementor-widget-container\">\n\t\t\t<h2 class=\"elementor-heading-title elementor-size-default\">Cesenatico<\/h2>\t\t<\/div>\n\t\t\t\t<\/div>\n\t\t\t\t<div class=\"elementor-element elementor-element-b971b1a elementor-widget elementor-widget-image\" data-id=\"b971b1a\" data-element_type=\"widget\" data-widget_type=\"image.default\">\n\t\t\t\t<div class=\"elementor-widget-container\">\n\t\t\t\t\t\t\t\t<div class=\"elementor-image\">\n\t\t\t\t\t\t\t\t\t\t\t\t<img decoding=\"async\" loading=\"lazy\" width=\"600\" height=\"276\" src=\"https:\/\/www.bbelsaececco.it\/wp-content\/uploads\/2020\/01\/bb_perchecesena_cesenatico.png\" class=\"attachment-large size-large\" alt=\"\" srcset=\"https:\/\/www.bbelsaececco.it\/wp-content\/uploads\/2020\/01\/bb_perchecesena_cesenatico.png 600w, https:\/\/www.bbelsaececco.it\/wp-content\/uploads\/2020\/01\/bb_perchecesena_cesenatico-300x138.png 300w\" sizes=\"(max-width: 600px) 100vw, 600px\" \/>\t\t\t\t\t\t\t\t\t\t\t\t\t\t<\/div>\n\t\t\t\t\t\t<\/div>\n\t\t\t\t<\/div>\n\t\t\t\t<div class=\"elementor-element elementor-element-af6e4f2 elementor-widget elementor-widget-text-editor\" data-id=\"af6e4f2\" data-element_type=\"widget\" data-widget_type=\"text-editor.default\">\n\t\t\t\t<div class=\"elementor-widget-container\">\n\t\t\t\t\t\t\t\t<div class=\"elementor-text-editor elementor-clearfix\">\n\t\t\t\t<p>A poco meno di 15 km trovate anche <a href=\"https:\/\/www.cesenatico.it\/\" target=\"_blank\" rel=\"noopener\">Cesenatico<\/a> \u2013 l\u2019area del mare di Cesena, appunto \u2013 che si distingue per il delizioso porto Canale progettato da Leonardo e oggi arricchito dalle colorate barche storiche dell\u2019Adriatico. \u00c8 bello andare cenare lungo il canale, per ritornare a sera nella quiete del nostro B&amp;B.<\/p>\t\t\t\t\t<\/div>\n\t\t\t\t\t\t<\/div>\n\t\t\t\t<\/div>\n\t\t\t\t\t\t<\/div>\n\t\t\t\t\t<\/div>\n\t\t<\/div>\n\t\t\t\t\t\t\t\t<\/div>\n\t\t\t\t\t<\/div>\n\t\t<\/section>\n\t\t\t\t<section class=\"elementor-section elementor-top-section elementor-element elementor-element-1d5c5cd elementor-section-boxed elementor-section-height-default elementor-section-height-default\" data-id=\"1d5c5cd\" data-element_type=\"section\">\n\t\t\t\t\t\t<div class=\"elementor-container elementor-column-gap-default\">\n\t\t\t\t\t\t\t<div class=\"elementor-row\">\n\t\t\t\t\t<div class=\"elementor-column elementor-col-100 elementor-top-column elementor-element elementor-element-1573522\" data-id=\"1573522\" data-element_type=\"column\">\n\t\t\t<div class=\"elementor-column-wrap elementor-element-populated\">\n\t\t\t\t\t\t\t<div class=\"elementor-widget-wrap\">\n\t\t\t\t\t\t<div class=\"elementor-element elementor-element-0ea6920 elementor-align-center elementor-widget elementor-widget-button\" data-id=\"0ea6920\" data-element_type=\"widget\" data-widget_type=\"button.default\">\n\t\t\t\t<div class=\"elementor-widget-container\">\n\t\t\t\t\t<div class=\"elementor-button-wrapper\">\n\t\t\t<a href=\"https:\/\/www.bbelsaececco.it\/it\/scrivici\/\" class=\"elementor-button-link elementor-button elementor-size-lg\" role=\"button\">\n\t\t\t\t\t\t<span class=\"elementor-button-content-wrapper\">\n\t\t\t\t\t\t<span class=\"elementor-button-text\">Richiedi informazioni<\/span>\n\t\t<\/span>\n\t\t\t\t\t<\/a>\n\t\t<\/div>\n\t\t\t\t<\/div>\n\t\t\t\t<\/div>\n\t\t\t\t\t\t<\/div>\n\t\t\t\t\t<\/div>\n\t\t<\/div>\n\t\t\t\t\t\t\t\t<\/div>\n\t\t\t\t\t<\/div>\n\t\t<\/section>\n\t\t\t\t\t\t\t\t\t<\/div>\n\t\t\t<\/div>\n\t\t\t\t\t<\/div>\n\t\t","protected":false},"excerpt":{"rendered":"<p>Perch\u00e9 Cesena Cesena \u00e8 una cittadina deliziosa che vanta un ricco patrimonio storico e culturale. Primi fra tutti il patrimonio Unesco della Biblioteca Malatestiana, la Piazza del Popolo, la Fontana Masini (raffinato esempio di arte barocca), il Teatro Bonci, l\u2019Abbazia del Monte. Le colline abbracciano la citt\u00e0 e da l\u00ec si pu\u00f2 vedere in lontananza &hellip;<\/p>\n<p class=\"read-more\"> <a class=\"\" href=\"https:\/\/www.bbelsaececco.it\/it\/perche-cesena\/\"> <span class=\"screen-reader-text\">Perch\u00e9 Cesena<\/span> Leggi altro &raquo;<\/a><\/p>\n","protected":false},"author":1,"featured_media":0,"parent":0,"menu_order":0,"comment_status":"closed","ping_status":"closed","template":"","meta":{"site-sidebar-layout":"no-sidebar","site-content-layout":"page-builder","ast-site-content-layout":"","site-content-style":"default","site-sidebar-style":"default","ast-global-header-display":"","ast-banner-title-visibility":"","ast-main-header-display":"","ast-hfb-above-header-display":"","ast-hfb-below-header-display":"","ast-hfb-mobile-header-display":"","site-post-title":"disabled","ast-breadcrumbs-content":"","ast-featured-img":"disabled","footer-sml-layout":"","theme-transparent-header-meta":"default","adv-header-id-meta":"","stick-header-meta":"","header-above-stick-meta":"","header-main-stick-meta":"","header-below-stick-meta":"","astra-migrate-meta-layouts":"","ast-page-background-enabled":"default","ast-page-background-meta":{"desktop":{"background-color":"","background-image":"","background-repeat":"repeat","background-position":"center center","background-size":"auto","background-attachment":"scroll","background-type":"","background-media":"","overlay-type":"","overlay-color":"","overlay-gradient":""},"tablet":{"background-color":"","background-image":"","background-repeat":"repeat","background-position":"center center","background-size":"auto","background-attachment":"scroll","background-type":"","background-media":"","overlay-type":"","overlay-color":"","overlay-gradient":""},"mobile":{"background-color":"","background-image":"","background-repeat":"repeat","background-position":"center center","background-size":"auto","background-attachment":"scroll","background-type":"","background-media":"","overlay-type":"","overlay-color":"","overlay-gradient":""}},"ast-content-background-meta":{"desktop":{"background-color":"var(--ast-global-color-5)","background-image":"","background-repeat":"repeat","background-position":"center center","background-size":"auto","background-attachment":"scroll","background-type":"","background-media":"","overlay-type":"","overlay-color":"","overlay-gradient":""},"tablet":{"background-color":"var(--ast-global-color-5)","background-image":"","background-repeat":"repeat","background-position":"center center","background-size":"auto","background-attachment":"scroll","background-type":"","background-media":"","overlay-type":"","overlay-color":"","overlay-gradient":""},"mobile":{"background-color":"var(--ast-global-color-5)","background-image":"","background-repeat":"repeat","background-position":"center center","background-size":"auto","background-attachment":"scroll","background-type":"","background-media":"","overlay-type":"","overlay-color":"","overlay-gradient":""}},"footnotes":""},"yoast_head":"<!-- This site is optimized with the Yoast SEO plugin v18.5.1 - https:\/\/yoast.com\/wordpress\/plugins\/seo\/ -->\n<title>Perch\u00e9 Cesena - B&amp;B Elsa e Cecco<\/title>\n<meta name=\"description\" content=\"Cesena \u00e8 una graziosa cittadina con un ricco patrimonio storico e culturale. Dalle colline che circondano la citt\u00e0 si pu\u00f2 vedere il mare Adriatico.\" \/>\n<meta name=\"robots\" content=\"index, follow, max-snippet:-1, max-image-preview:large, max-video-preview:-1\" \/>\n<link rel=\"canonical\" href=\"https:\/\/www.bbelsaececco.it\/it\/perche-cesena\/\" \/>\n<meta property=\"og:locale\" content=\"it_IT\" \/>\n<meta property=\"og:type\" content=\"article\" \/>\n<meta property=\"og:title\" content=\"Perch\u00e9 Cesena - B&amp;B Elsa e Cecco\" \/>\n<meta property=\"og:description\" content=\"Cesena \u00e8 una graziosa cittadina con un ricco patrimonio storico e culturale. Dalle colline che circondano la citt\u00e0 si pu\u00f2 vedere il mare Adriatico.\" \/>\n<meta property=\"og:url\" content=\"https:\/\/www.bbelsaececco.it\/it\/perche-cesena\/\" \/>\n<meta property=\"og:site_name\" content=\"B&amp;B Elsa e Cecco\" \/>\n<meta property=\"article:modified_time\" content=\"2020-03-26T14:42:41+00:00\" \/>\n<meta property=\"og:image\" content=\"https:\/\/www.bbelsaececco.it\/wp-content\/uploads\/2020\/01\/bb_perchecesena_banner.png\" \/>\n<meta name=\"twitter:card\" content=\"summary_large_image\" \/>\n<meta name=\"twitter:label1\" content=\"Tempo di lettura stimato\" \/>\n\t<meta name=\"twitter:data1\" content=\"1 minuto\" \/>\n<script type=\"application\/ld+json\" class=\"yoast-schema-graph\">{\"@context\":\"https:\/\/schema.org\",\"@graph\":[{\"@type\":\"WebSite\",\"@id\":\"https:\/\/www.bbelsaececco.it\/#website\",\"url\":\"https:\/\/www.bbelsaececco.it\/\",\"name\":\"B&amp;B Elsa e Cecco\",\"description\":\"B&amp;B\",\"potentialAction\":[{\"@type\":\"SearchAction\",\"target\":{\"@type\":\"EntryPoint\",\"urlTemplate\":\"https:\/\/www.bbelsaececco.it\/?s={search_term_string}\"},\"query-input\":\"required name=search_term_string\"}],\"inLanguage\":\"it-IT\"},{\"@type\":\"ImageObject\",\"@id\":\"https:\/\/www.bbelsaececco.it\/it\/perche-cesena\/#primaryimage\",\"inLanguage\":\"it-IT\",\"url\":\"https:\/\/www.bbelsaececco.it\/wp-content\/uploads\/2020\/01\/bb_perchecesena_banner.png\",\"contentUrl\":\"https:\/\/www.bbelsaececco.it\/wp-content\/uploads\/2020\/01\/bb_perchecesena_banner.png\",\"width\":800,\"height\":809},{\"@type\":\"WebPage\",\"@id\":\"https:\/\/www.bbelsaececco.it\/it\/perche-cesena\/#webpage\",\"url\":\"https:\/\/www.bbelsaececco.it\/it\/perche-cesena\/\",\"name\":\"Perch\u00e9 Cesena - B&amp;B Elsa e Cecco\",\"isPartOf\":{\"@id\":\"https:\/\/www.bbelsaececco.it\/#website\"},\"primaryImageOfPage\":{\"@id\":\"https:\/\/www.bbelsaececco.it\/it\/perche-cesena\/#primaryimage\"},\"datePublished\":\"2020-01-07T12:06:44+00:00\",\"dateModified\":\"2020-03-26T14:42:41+00:00\",\"description\":\"Cesena \u00e8 una graziosa cittadina con un ricco patrimonio storico e culturale. Dalle colline che circondano la citt\u00e0 si pu\u00f2 vedere il mare Adriatico.\",\"breadcrumb\":{\"@id\":\"https:\/\/www.bbelsaececco.it\/it\/perche-cesena\/#breadcrumb\"},\"inLanguage\":\"it-IT\",\"potentialAction\":[{\"@type\":\"ReadAction\",\"target\":[\"https:\/\/www.bbelsaececco.it\/it\/perche-cesena\/\"]}]},{\"@type\":\"BreadcrumbList\",\"@id\":\"https:\/\/www.bbelsaececco.it\/it\/perche-cesena\/#breadcrumb\",\"itemListElement\":[{\"@type\":\"ListItem\",\"position\":1,\"name\":\"Home\",\"item\":\"https:\/\/www.bbelsaececco.it\/it\/\"},{\"@type\":\"ListItem\",\"position\":2,\"name\":\"Perch\u00e9 Cesena\"}]}]}<\/script>\n<!-- \/ Yoast SEO plugin. -->","yoast_head_json":{"title":"Perch\u00e9 Cesena - B&amp;B Elsa e Cecco","description":"Cesena \u00e8 una graziosa cittadina con un ricco patrimonio storico e culturale. Dalle colline che circondano la citt\u00e0 si pu\u00f2 vedere il mare Adriatico.","robots":{"index":"index","follow":"follow","max-snippet":"max-snippet:-1","max-image-preview":"max-image-preview:large","max-video-preview":"max-video-preview:-1"},"canonical":"https:\/\/www.bbelsaececco.it\/it\/perche-cesena\/","og_locale":"it_IT","og_type":"article","og_title":"Perch\u00e9 Cesena - B&amp;B Elsa e Cecco","og_description":"Cesena \u00e8 una graziosa cittadina con un ricco patrimonio storico e culturale. Dalle colline che circondano la citt\u00e0 si pu\u00f2 vedere il mare Adriatico.","og_url":"https:\/\/www.bbelsaececco.it\/it\/perche-cesena\/","og_site_name":"B&amp;B Elsa e Cecco","article_modified_time":"2020-03-26T14:42:41+00:00","og_image":[{"url":"https:\/\/www.bbelsaececco.it\/wp-content\/uploads\/2020\/01\/bb_perchecesena_banner.png"}],"twitter_card":"summary_large_image","twitter_misc":{"Tempo di lettura stimato":"1 minuto"},"schema":{"@context":"https:\/\/schema.org","@graph":[{"@type":"WebSite","@id":"https:\/\/www.bbelsaececco.it\/#website","url":"https:\/\/www.bbelsaececco.it\/","name":"B&amp;B Elsa e Cecco","description":"B&amp;B","potentialAction":[{"@type":"SearchAction","target":{"@type":"EntryPoint","urlTemplate":"https:\/\/www.bbelsaececco.it\/?s={search_term_string}"},"query-input":"required name=search_term_string"}],"inLanguage":"it-IT"},{"@type":"ImageObject","@id":"https:\/\/www.bbelsaececco.it\/it\/perche-cesena\/#primaryimage","inLanguage":"it-IT","url":"https:\/\/www.bbelsaececco.it\/wp-content\/uploads\/2020\/01\/bb_perchecesena_banner.png","contentUrl":"https:\/\/www.bbelsaececco.it\/wp-content\/uploads\/2020\/01\/bb_perchecesena_banner.png","width":800,"height":809},{"@type":"WebPage","@id":"https:\/\/www.bbelsaececco.it\/it\/perche-cesena\/#webpage","url":"https:\/\/www.bbelsaececco.it\/it\/perche-cesena\/","name":"Perch\u00e9 Cesena - B&amp;B Elsa e Cecco","isPartOf":{"@id":"https:\/\/www.bbelsaececco.it\/#website"},"primaryImageOfPage":{"@id":"https:\/\/www.bbelsaececco.it\/it\/perche-cesena\/#primaryimage"},"datePublished":"2020-01-07T12:06:44+00:00","dateModified":"2020-03-26T14:42:41+00:00","description":"Cesena \u00e8 una graziosa cittadina con un ricco patrimonio storico e culturale. Dalle colline che circondano la citt\u00e0 si pu\u00f2 vedere il mare Adriatico.","breadcrumb":{"@id":"https:\/\/www.bbelsaececco.it\/it\/perche-cesena\/#breadcrumb"},"inLanguage":"it-IT","potentialAction":[{"@type":"ReadAction","target":["https:\/\/www.bbelsaececco.it\/it\/perche-cesena\/"]}]},{"@type":"BreadcrumbList","@id":"https:\/\/www.bbelsaececco.it\/it\/perche-cesena\/#breadcrumb","itemListElement":[{"@type":"ListItem","position":1,"name":"Home","item":"https:\/\/www.bbelsaececco.it\/it\/"},{"@type":"ListItem","position":2,"name":"Perch\u00e9 Cesena"}]}]}},"_links":{"self":[{"href":"https:\/\/www.bbelsaececco.it\/it\/wp-json\/wp\/v2\/pages\/539"}],"collection":[{"href":"https:\/\/www.bbelsaececco.it\/it\/wp-json\/wp\/v2\/pages"}],"about":[{"href":"https:\/\/www.bbelsaececco.it\/it\/wp-json\/wp\/v2\/types\/page"}],"author":[{"embeddable":true,"href":"https:\/\/www.bbelsaececco.it\/it\/wp-json\/wp\/v2\/users\/1"}],"replies":[{"embeddable":true,"href":"https:\/\/www.bbelsaececco.it\/it\/wp-json\/wp\/v2\/comments?post=539"}],"version-history":[{"count":8,"href":"https:\/\/www.bbelsaececco.it\/it\/wp-json\/wp\/v2\/pages\/539\/revisions"}],"predecessor-version":[{"id":1043,"href":"https:\/\/www.bbelsaececco.it\/it\/wp-json\/wp\/v2\/pages\/539\/revisions\/1043"}],"wp:attachment":[{"href":"https:\/\/www.bbelsaececco.it\/it\/wp-json\/wp\/v2\/media?parent=539"}],"curies":[{"name":"wp","href":"https:\/\/api.w.org\/{rel}","templated":true}]}}