{"id":896,"date":"2020-02-06T16:39:24","date_gmt":"2020-02-06T16:39:24","guid":{"rendered":"https:\/\/www.bbelsaececco.it\/?page_id=896"},"modified":"2020-03-26T14:42:03","modified_gmt":"2020-03-26T14:42:03","slug":"pourquoi-cesena","status":"publish","type":"page","link":"https:\/\/www.bbelsaececco.it\/fr\/pourquoi-cesena\/","title":{"rendered":"Pourquoi Cesena"},"content":{"rendered":"\t\t<div data-elementor-type=\"wp-page\" data-elementor-id=\"896\" class=\"elementor elementor-896 elementor-85\">\n\t\t\t\t\t\t<div class=\"elementor-inner\">\n\t\t\t\t<div class=\"elementor-section-wrap\">\n\t\t\t\t\t\t\t\t\t<section class=\"elementor-section elementor-top-section elementor-element elementor-element-7c2d044 elementor-section-content-middle elementor-reverse-mobile elementor-section-boxed elementor-section-height-default elementor-section-height-default\" data-id=\"7c2d044\" data-element_type=\"section\">\n\t\t\t\t\t\t<div class=\"elementor-container elementor-column-gap-default\">\n\t\t\t\t\t\t\t<div class=\"elementor-row\">\n\t\t\t\t\t<div class=\"elementor-column elementor-col-50 elementor-top-column elementor-element elementor-element-cfd4b30\" data-id=\"cfd4b30\" data-element_type=\"column\">\n\t\t\t<div class=\"elementor-column-wrap elementor-element-populated\">\n\t\t\t\t\t\t\t<div class=\"elementor-widget-wrap\">\n\t\t\t\t\t\t<div class=\"elementor-element elementor-element-3f1b211 elementor-widget elementor-widget-heading\" data-id=\"3f1b211\" data-element_type=\"widget\" data-widget_type=\"heading.default\">\n\t\t\t\t<div class=\"elementor-widget-container\">\n\t\t\t<h1 class=\"elementor-heading-title elementor-size-default\">\nPourquoi Cesena\n<\/h1>\t\t<\/div>\n\t\t\t\t<\/div>\n\t\t\t\t<div class=\"elementor-element elementor-element-79abdb1 elementor-widget elementor-widget-text-editor\" data-id=\"79abdb1\" data-element_type=\"widget\" data-widget_type=\"text-editor.default\">\n\t\t\t\t<div class=\"elementor-widget-container\">\n\t\t\t\t\t\t\t\t<div class=\"elementor-text-editor elementor-clearfix\">\n\t\t\t\tCesena est une jolie petite ville au riche patrimoine historique et culturel.\nPour n\u2019en citer que certains: la biblioth\u00e8que Malatestiana (Patrimoine de l\u2019Unesco), la Piazza del Popolo, la fontaine Masini, le th\u00e9\u00e2tre Bonci, l\u2019abbaye de Santa Maria del Monte.\nDepuis les collines qui entourent la ville on peut apercevoir au loin la mer Adriatique.\t\t\t\t\t<\/div>\n\t\t\t\t\t\t<\/div>\n\t\t\t\t<\/div>\n\t\t\t\t<div class=\"elementor-element elementor-element-89858f9 elementor-widget elementor-widget-button\" data-id=\"89858f9\" data-element_type=\"widget\" data-widget_type=\"button.default\">\n\t\t\t\t<div class=\"elementor-widget-container\">\n\t\t\t\t\t<div class=\"elementor-button-wrapper\">\n\t\t\t<a href=\"\/fr\/ecrivez-nous\/\" class=\"elementor-button-link elementor-button elementor-size-lg\" role=\"button\">\n\t\t\t\t\t\t<span class=\"elementor-button-content-wrapper\">\n\t\t\t\t\t\t<span class=\"elementor-button-text\">Information requises<\/span>\n\t\t<\/span>\n\t\t\t\t\t<\/a>\n\t\t<\/div>\n\t\t\t\t<\/div>\n\t\t\t\t<\/div>\n\t\t\t\t\t\t<\/div>\n\t\t\t\t\t<\/div>\n\t\t<\/div>\n\t\t\t\t<div class=\"elementor-column elementor-col-50 elementor-top-column elementor-element elementor-element-b4bad48\" data-id=\"b4bad48\" data-element_type=\"column\">\n\t\t\t<div class=\"elementor-column-wrap elementor-element-populated\">\n\t\t\t\t\t\t\t<div class=\"elementor-widget-wrap\">\n\t\t\t\t\t\t<div class=\"elementor-element elementor-element-6f6398a elementor-widget elementor-widget-image\" data-id=\"6f6398a\" data-element_type=\"widget\" data-widget_type=\"image.default\">\n\t\t\t\t<div class=\"elementor-widget-container\">\n\t\t\t\t\t\t\t\t<div class=\"elementor-image\">\n\t\t\t\t\t\t\t\t\t\t\t\t<img decoding=\"async\" loading=\"lazy\" width=\"800\" height=\"809\" src=\"https:\/\/www.bbelsaececco.it\/wp-content\/uploads\/2020\/01\/bb_perchecesena_banner.png\" class=\"attachment-large size-large\" alt=\"\" srcset=\"https:\/\/www.bbelsaececco.it\/wp-content\/uploads\/2020\/01\/bb_perchecesena_banner.png 800w, https:\/\/www.bbelsaececco.it\/wp-content\/uploads\/2020\/01\/bb_perchecesena_banner-297x300.png 297w, https:\/\/www.bbelsaececco.it\/wp-content\/uploads\/2020\/01\/bb_perchecesena_banner-768x777.png 768w\" sizes=\"(max-width: 800px) 100vw, 800px\" \/>\t\t\t\t\t\t\t\t\t\t\t\t\t\t<\/div>\n\t\t\t\t\t\t<\/div>\n\t\t\t\t<\/div>\n\t\t\t\t\t\t<\/div>\n\t\t\t\t\t<\/div>\n\t\t<\/div>\n\t\t\t\t\t\t\t\t<\/div>\n\t\t\t\t\t<\/div>\n\t\t<\/section>\n\t\t\t\t<section class=\"elementor-section elementor-top-section elementor-element elementor-element-7f33c14 elementor-section-boxed elementor-section-height-default elementor-section-height-default\" data-id=\"7f33c14\" data-element_type=\"section\">\n\t\t\t\t\t\t<div class=\"elementor-container elementor-column-gap-default\">\n\t\t\t\t\t\t\t<div class=\"elementor-row\">\n\t\t\t\t\t<div class=\"elementor-column elementor-col-50 elementor-top-column elementor-element elementor-element-71b862c\" data-id=\"71b862c\" data-element_type=\"column\">\n\t\t\t<div class=\"elementor-column-wrap elementor-element-populated\">\n\t\t\t\t\t\t\t<div class=\"elementor-widget-wrap\">\n\t\t\t\t\t\t<div class=\"elementor-element elementor-element-bd871e3 elementor-widget elementor-widget-heading\" data-id=\"bd871e3\" data-element_type=\"widget\" data-widget_type=\"heading.default\">\n\t\t\t\t<div class=\"elementor-widget-container\">\n\t\t\t<h2 class=\"elementor-heading-title elementor-size-default\">Centre historique<\/h2>\t\t<\/div>\n\t\t\t\t<\/div>\n\t\t\t\t<div class=\"elementor-element elementor-element-28fa08b elementor-widget elementor-widget-image\" data-id=\"28fa08b\" data-element_type=\"widget\" data-widget_type=\"image.default\">\n\t\t\t\t<div class=\"elementor-widget-container\">\n\t\t\t\t\t\t\t\t<div class=\"elementor-image\">\n\t\t\t\t\t\t\t\t\t\t\t\t<img decoding=\"async\" loading=\"lazy\" width=\"600\" height=\"276\" src=\"https:\/\/www.bbelsaececco.it\/wp-content\/uploads\/2020\/01\/bb_perchecesena_centrostorico_v2.jpg\" class=\"attachment-large size-large\" alt=\"\" srcset=\"https:\/\/www.bbelsaececco.it\/wp-content\/uploads\/2020\/01\/bb_perchecesena_centrostorico_v2.jpg 600w, https:\/\/www.bbelsaececco.it\/wp-content\/uploads\/2020\/01\/bb_perchecesena_centrostorico_v2-300x138.jpg 300w\" sizes=\"(max-width: 600px) 100vw, 600px\" \/>\t\t\t\t\t\t\t\t\t\t\t\t\t\t<\/div>\n\t\t\t\t\t\t<\/div>\n\t\t\t\t<\/div>\n\t\t\t\t<div class=\"elementor-element elementor-element-4b321dc elementor-widget elementor-widget-text-editor\" data-id=\"4b321dc\" data-element_type=\"widget\" data-widget_type=\"text-editor.default\">\n\t\t\t\t<div class=\"elementor-widget-container\">\n\t\t\t\t\t\t\t\t<div class=\"elementor-text-editor elementor-clearfix\">\n\t\t\t\t<p>La petite ville de Cesena aux origines \u00e9trusques poss\u00e8de nombreux lieux d\u2019int\u00e9r\u00eats et de belles traditions.<br \/>Vous ne pouvez manquer la <a href=\"http:\/\/www.comune.cesena.fc.it\/malatestiana\" target=\"_blank\" rel=\"noopener\">Biblioth\u00e8que Malatestiana<\/a> (Patrimonie de l&rsquo;Unesco), \u00e0 quelques pas de l\u00e0 place centrale Piazza del Popolo avec sa fontaine baroque Fontana Masini. Une belle promenade en colline vous am\u00e8ne \u00e0 <a href=\"http:\/\/www.abbaziadelmonte.it\/\" target=\"_blank\" rel=\"noopener\">Abbaye de Santa Maria del Monte<\/a>\u00a0avec ses ex voto.<br \/>Le <a href=\"http:\/\/www.cesenatoday.it\/eventi\/\" target=\"_blank\" rel=\"noopener\">centre-ville<\/a> devient encore plus vivant pendant le week-end.<\/p>\t\t\t\t\t<\/div>\n\t\t\t\t\t\t<\/div>\n\t\t\t\t<\/div>\n\t\t\t\t\t\t<\/div>\n\t\t\t\t\t<\/div>\n\t\t<\/div>\n\t\t\t\t<div class=\"elementor-column elementor-col-50 elementor-top-column elementor-element elementor-element-f97a4fe\" data-id=\"f97a4fe\" data-element_type=\"column\">\n\t\t\t<div class=\"elementor-column-wrap elementor-element-populated\">\n\t\t\t\t\t\t\t<div class=\"elementor-widget-wrap\">\n\t\t\t\t\t\t<div class=\"elementor-element elementor-element-ca36986 elementor-widget elementor-widget-heading\" data-id=\"ca36986\" data-element_type=\"widget\" data-widget_type=\"heading.default\">\n\t\t\t\t<div class=\"elementor-widget-container\">\n\t\t\t<h2 class=\"elementor-heading-title elementor-size-default\">Th\u00e9\u00e2tre Bonci<\/h2>\t\t<\/div>\n\t\t\t\t<\/div>\n\t\t\t\t<div class=\"elementor-element elementor-element-39e60e3 elementor-widget elementor-widget-image\" data-id=\"39e60e3\" data-element_type=\"widget\" data-widget_type=\"image.default\">\n\t\t\t\t<div class=\"elementor-widget-container\">\n\t\t\t\t\t\t\t\t<div class=\"elementor-image\">\n\t\t\t\t\t\t\t\t\t\t\t\t<img decoding=\"async\" loading=\"lazy\" width=\"600\" height=\"276\" src=\"https:\/\/www.bbelsaececco.it\/wp-content\/uploads\/2020\/01\/bb_perchecesena_teatrobonci.png\" class=\"attachment-large size-large\" alt=\"\" srcset=\"https:\/\/www.bbelsaececco.it\/wp-content\/uploads\/2020\/01\/bb_perchecesena_teatrobonci.png 600w, https:\/\/www.bbelsaececco.it\/wp-content\/uploads\/2020\/01\/bb_perchecesena_teatrobonci-300x138.png 300w\" sizes=\"(max-width: 600px) 100vw, 600px\" \/>\t\t\t\t\t\t\t\t\t\t\t\t\t\t<\/div>\n\t\t\t\t\t\t<\/div>\n\t\t\t\t<\/div>\n\t\t\t\t<div class=\"elementor-element elementor-element-876a16e elementor-widget elementor-widget-text-editor\" data-id=\"876a16e\" data-element_type=\"widget\" data-widget_type=\"text-editor.default\">\n\t\t\t\t<div class=\"elementor-widget-container\">\n\t\t\t\t\t\t\t\t<div class=\"elementor-text-editor elementor-clearfix\">\n\t\t\t\tLe <a href=\"http:\/\/cesena.emiliaromagnateatro.com\/\" target=\"_blank\" rel=\"noopener\">Teatro Bonci<\/a> est un bijou du 18<sup>\u00e8me<\/sup> tr\u00e8s bien conserv\u00e9 et avec de nombreux spectacles de th\u00e9\u00e2tre, musique et danse.\t\t\t\t\t<\/div>\n\t\t\t\t\t\t<\/div>\n\t\t\t\t<\/div>\n\t\t\t\t\t\t<\/div>\n\t\t\t\t\t<\/div>\n\t\t<\/div>\n\t\t\t\t\t\t\t\t<\/div>\n\t\t\t\t\t<\/div>\n\t\t<\/section>\n\t\t\t\t<section class=\"elementor-section elementor-top-section elementor-element elementor-element-7b79934 elementor-section-boxed elementor-section-height-default elementor-section-height-default\" data-id=\"7b79934\" data-element_type=\"section\">\n\t\t\t\t\t\t<div class=\"elementor-container elementor-column-gap-default\">\n\t\t\t\t\t\t\t<div class=\"elementor-row\">\n\t\t\t\t\t<div class=\"elementor-column elementor-col-50 elementor-top-column elementor-element elementor-element-048228d\" data-id=\"048228d\" data-element_type=\"column\">\n\t\t\t<div class=\"elementor-column-wrap elementor-element-populated\">\n\t\t\t\t\t\t\t<div class=\"elementor-widget-wrap\">\n\t\t\t\t\t\t<div class=\"elementor-element elementor-element-37b1be9 elementor-widget elementor-widget-heading\" data-id=\"37b1be9\" data-element_type=\"widget\" data-widget_type=\"heading.default\">\n\t\t\t\t<div class=\"elementor-widget-container\">\n\t\t\t<h2 class=\"elementor-heading-title elementor-size-default\">Les collines<\/h2>\t\t<\/div>\n\t\t\t\t<\/div>\n\t\t\t\t<div class=\"elementor-element elementor-element-e0948fa elementor-widget elementor-widget-image\" data-id=\"e0948fa\" data-element_type=\"widget\" data-widget_type=\"image.default\">\n\t\t\t\t<div class=\"elementor-widget-container\">\n\t\t\t\t\t\t\t\t<div class=\"elementor-image\">\n\t\t\t\t\t\t\t\t\t\t\t\t<img decoding=\"async\" loading=\"lazy\" width=\"600\" height=\"276\" src=\"https:\/\/www.bbelsaececco.it\/wp-content\/uploads\/2020\/01\/bb_perchecesena_colline.png\" class=\"attachment-large size-large\" alt=\"\" srcset=\"https:\/\/www.bbelsaececco.it\/wp-content\/uploads\/2020\/01\/bb_perchecesena_colline.png 600w, https:\/\/www.bbelsaececco.it\/wp-content\/uploads\/2020\/01\/bb_perchecesena_colline-300x138.png 300w\" sizes=\"(max-width: 600px) 100vw, 600px\" \/>\t\t\t\t\t\t\t\t\t\t\t\t\t\t<\/div>\n\t\t\t\t\t\t<\/div>\n\t\t\t\t<\/div>\n\t\t\t\t<div class=\"elementor-element elementor-element-8b8496b elementor-widget elementor-widget-text-editor\" data-id=\"8b8496b\" data-element_type=\"widget\" data-widget_type=\"text-editor.default\">\n\t\t\t\t<div class=\"elementor-widget-container\">\n\t\t\t\t\t\t\t\t<div class=\"elementor-text-editor elementor-clearfix\">\n\t\t\t\t<p>Elles entourent la ville et offrent des <a href=\"http:\/\/www.romagnatrekking.it\/\" target=\"_blank\" rel=\"noopener\">panoramas merveilleux<\/a> dont une vue sur la mer Adriatique. On y trouve aussi de tr\u00e8s bons <a href=\"https:\/\/www.romagnaatavola.it\/zona\/cesena\/\" target=\"_blank\" rel=\"noopener\">restaurants typiques<\/a>.<\/p>\t\t\t\t\t<\/div>\n\t\t\t\t\t\t<\/div>\n\t\t\t\t<\/div>\n\t\t\t\t\t\t<\/div>\n\t\t\t\t\t<\/div>\n\t\t<\/div>\n\t\t\t\t<div class=\"elementor-column elementor-col-50 elementor-top-column elementor-element elementor-element-eb001f0\" data-id=\"eb001f0\" data-element_type=\"column\">\n\t\t\t<div class=\"elementor-column-wrap elementor-element-populated\">\n\t\t\t\t\t\t\t<div class=\"elementor-widget-wrap\">\n\t\t\t\t\t\t<div class=\"elementor-element elementor-element-87ffb5c elementor-widget elementor-widget-heading\" data-id=\"87ffb5c\" data-element_type=\"widget\" data-widget_type=\"heading.default\">\n\t\t\t\t<div class=\"elementor-widget-container\">\n\t\t\t<h2 class=\"elementor-heading-title elementor-size-default\">Cesenatico<\/h2>\t\t<\/div>\n\t\t\t\t<\/div>\n\t\t\t\t<div class=\"elementor-element elementor-element-b971b1a elementor-widget elementor-widget-image\" data-id=\"b971b1a\" data-element_type=\"widget\" data-widget_type=\"image.default\">\n\t\t\t\t<div class=\"elementor-widget-container\">\n\t\t\t\t\t\t\t\t<div class=\"elementor-image\">\n\t\t\t\t\t\t\t\t\t\t\t\t<img decoding=\"async\" loading=\"lazy\" width=\"600\" height=\"276\" src=\"https:\/\/www.bbelsaececco.it\/wp-content\/uploads\/2020\/01\/bb_perchecesena_cesenatico.png\" class=\"attachment-large size-large\" alt=\"\" srcset=\"https:\/\/www.bbelsaececco.it\/wp-content\/uploads\/2020\/01\/bb_perchecesena_cesenatico.png 600w, https:\/\/www.bbelsaececco.it\/wp-content\/uploads\/2020\/01\/bb_perchecesena_cesenatico-300x138.png 300w\" sizes=\"(max-width: 600px) 100vw, 600px\" \/>\t\t\t\t\t\t\t\t\t\t\t\t\t\t<\/div>\n\t\t\t\t\t\t<\/div>\n\t\t\t\t<\/div>\n\t\t\t\t<div class=\"elementor-element elementor-element-af6e4f2 elementor-widget elementor-widget-text-editor\" data-id=\"af6e4f2\" data-element_type=\"widget\" data-widget_type=\"text-editor.default\">\n\t\t\t\t<div class=\"elementor-widget-container\">\n\t\t\t\t\t\t\t\t<div class=\"elementor-text-editor elementor-clearfix\">\n\t\t\t\t<p>Cette <a href=\"https:\/\/www.cesenatico.it\/fr\/\" target=\"_blank\" rel=\"noopener\">jolie ville<\/a> du bord de mer, qui se trouve \u00e0 15km de Cesena, poss\u00e8de un charmant petit port, dessin\u00e9 par Leonardo (Leonard de Vinci) en 1502. Elle offre de nombreuses activit\u00e9s entre bains, bateaux, balades, restaurants\u2026 etc.<\/p>\t\t\t\t\t<\/div>\n\t\t\t\t\t\t<\/div>\n\t\t\t\t<\/div>\n\t\t\t\t\t\t<\/div>\n\t\t\t\t\t<\/div>\n\t\t<\/div>\n\t\t\t\t\t\t\t\t<\/div>\n\t\t\t\t\t<\/div>\n\t\t<\/section>\n\t\t\t\t<section class=\"elementor-section elementor-top-section elementor-element elementor-element-1d5c5cd elementor-section-boxed elementor-section-height-default elementor-section-height-default\" data-id=\"1d5c5cd\" data-element_type=\"section\">\n\t\t\t\t\t\t<div class=\"elementor-container elementor-column-gap-default\">\n\t\t\t\t\t\t\t<div class=\"elementor-row\">\n\t\t\t\t\t<div class=\"elementor-column elementor-col-100 elementor-top-column elementor-element elementor-element-1573522\" data-id=\"1573522\" data-element_type=\"column\">\n\t\t\t<div class=\"elementor-column-wrap elementor-element-populated\">\n\t\t\t\t\t\t\t<div class=\"elementor-widget-wrap\">\n\t\t\t\t\t\t<div class=\"elementor-element elementor-element-0ea6920 elementor-align-center elementor-widget elementor-widget-button\" data-id=\"0ea6920\" data-element_type=\"widget\" data-widget_type=\"button.default\">\n\t\t\t\t<div class=\"elementor-widget-container\">\n\t\t\t\t\t<div class=\"elementor-button-wrapper\">\n\t\t\t<a href=\"\/fr\/ecrivez-nous\/\" class=\"elementor-button-link elementor-button elementor-size-lg\" role=\"button\">\n\t\t\t\t\t\t<span class=\"elementor-button-content-wrapper\">\n\t\t\t\t\t\t<span class=\"elementor-button-text\">Information requises<\/span>\n\t\t<\/span>\n\t\t\t\t\t<\/a>\n\t\t<\/div>\n\t\t\t\t<\/div>\n\t\t\t\t<\/div>\n\t\t\t\t\t\t<\/div>\n\t\t\t\t\t<\/div>\n\t\t<\/div>\n\t\t\t\t\t\t\t\t<\/div>\n\t\t\t\t\t<\/div>\n\t\t<\/section>\n\t\t\t\t\t\t\t\t\t<\/div>\n\t\t\t<\/div>\n\t\t\t\t\t<\/div>\n\t\t","protected":false},"excerpt":{"rendered":"<p>Pourquoi Cesena Cesena est une jolie petite ville au riche patrimoine historique et culturel. Pour n\u2019en citer que certains: la biblioth\u00e8que Malatestiana (Patrimoine de l\u2019Unesco), la Piazza del Popolo, la fontaine Masini, le th\u00e9\u00e2tre Bonci, l\u2019abbaye de Santa Maria del Monte. Depuis les collines qui entourent la ville on peut apercevoir au loin la mer &hellip;<\/p>\n<p class=\"read-more\"> <a class=\"\" href=\"https:\/\/www.bbelsaececco.it\/fr\/pourquoi-cesena\/\"> <span class=\"screen-reader-text\">Pourquoi Cesena<\/span> Lire la suite\u00a0\u00bb<\/a><\/p>\n","protected":false},"author":1,"featured_media":0,"parent":0,"menu_order":0,"comment_status":"closed","ping_status":"closed","template":"","meta":{"site-sidebar-layout":"no-sidebar","site-content-layout":"page-builder","ast-site-content-layout":"","site-content-style":"default","site-sidebar-style":"default","ast-global-header-display":"","ast-banner-title-visibility":"","ast-main-header-display":"","ast-hfb-above-header-display":"","ast-hfb-below-header-display":"","ast-hfb-mobile-header-display":"","site-post-title":"disabled","ast-breadcrumbs-content":"","ast-featured-img":"disabled","footer-sml-layout":"","theme-transparent-header-meta":"default","adv-header-id-meta":"","stick-header-meta":"","header-above-stick-meta":"","header-main-stick-meta":"","header-below-stick-meta":"","astra-migrate-meta-layouts":"","ast-page-background-enabled":"default","ast-page-background-meta":{"desktop":{"background-color":"","background-image":"","background-repeat":"repeat","background-position":"center center","background-size":"auto","background-attachment":"scroll","background-type":"","background-media":"","overlay-type":"","overlay-color":"","overlay-gradient":""},"tablet":{"background-color":"","background-image":"","background-repeat":"repeat","background-position":"center center","background-size":"auto","background-attachment":"scroll","background-type":"","background-media":"","overlay-type":"","overlay-color":"","overlay-gradient":""},"mobile":{"background-color":"","background-image":"","background-repeat":"repeat","background-position":"center center","background-size":"auto","background-attachment":"scroll","background-type":"","background-media":"","overlay-type":"","overlay-color":"","overlay-gradient":""}},"ast-content-background-meta":{"desktop":{"background-color":"var(--ast-global-color-5)","background-image":"","background-repeat":"repeat","background-position":"center center","background-size":"auto","background-attachment":"scroll","background-type":"","background-media":"","overlay-type":"","overlay-color":"","overlay-gradient":""},"tablet":{"background-color":"var(--ast-global-color-5)","background-image":"","background-repeat":"repeat","background-position":"center center","background-size":"auto","background-attachment":"scroll","background-type":"","background-media":"","overlay-type":"","overlay-color":"","overlay-gradient":""},"mobile":{"background-color":"var(--ast-global-color-5)","background-image":"","background-repeat":"repeat","background-position":"center center","background-size":"auto","background-attachment":"scroll","background-type":"","background-media":"","overlay-type":"","overlay-color":"","overlay-gradient":""}},"footnotes":""},"yoast_head":"<!-- This site is optimized with the Yoast SEO plugin v18.5.1 - https:\/\/yoast.com\/wordpress\/plugins\/seo\/ -->\n<title>Pourquoi Cesena - B&amp;B Elsa e Cecco<\/title>\n<meta name=\"description\" content=\"Cesena est une jolie petite ville au riche patrimoine historique et culturel. Depuis les collines qui entourent la ville on peut y voir la mer Adriatique.\" \/>\n<meta name=\"robots\" content=\"index, follow, max-snippet:-1, max-image-preview:large, max-video-preview:-1\" \/>\n<link rel=\"canonical\" href=\"https:\/\/www.bbelsaececco.it\/fr\/pourquoi-cesena\/\" \/>\n<meta property=\"og:locale\" content=\"fr_FR\" \/>\n<meta property=\"og:type\" content=\"article\" \/>\n<meta property=\"og:title\" content=\"Pourquoi Cesena - B&amp;B Elsa e Cecco\" \/>\n<meta property=\"og:description\" content=\"Cesena est une jolie petite ville au riche patrimoine historique et culturel. Depuis les collines qui entourent la ville on peut y voir la mer Adriatique.\" \/>\n<meta property=\"og:url\" content=\"https:\/\/www.bbelsaececco.it\/fr\/pourquoi-cesena\/\" \/>\n<meta property=\"og:site_name\" content=\"B&amp;B Elsa e Cecco\" \/>\n<meta property=\"article:modified_time\" content=\"2020-03-26T14:42:03+00:00\" \/>\n<meta property=\"og:image\" content=\"https:\/\/www.bbelsaececco.it\/wp-content\/uploads\/2020\/01\/bb_perchecesena_banner.png\" \/>\n<meta name=\"twitter:card\" content=\"summary_large_image\" \/>\n<meta name=\"twitter:label1\" content=\"Dur\u00e9e de lecture estim\u00e9e\" \/>\n\t<meta name=\"twitter:data1\" content=\"1 minute\" \/>\n<script type=\"application\/ld+json\" class=\"yoast-schema-graph\">{\"@context\":\"https:\/\/schema.org\",\"@graph\":[{\"@type\":\"WebSite\",\"@id\":\"https:\/\/www.bbelsaececco.it\/#website\",\"url\":\"https:\/\/www.bbelsaececco.it\/\",\"name\":\"B&amp;B Elsa e Cecco\",\"description\":\"B&amp;B\",\"potentialAction\":[{\"@type\":\"SearchAction\",\"target\":{\"@type\":\"EntryPoint\",\"urlTemplate\":\"https:\/\/www.bbelsaececco.it\/?s={search_term_string}\"},\"query-input\":\"required name=search_term_string\"}],\"inLanguage\":\"fr-FR\"},{\"@type\":\"ImageObject\",\"@id\":\"https:\/\/www.bbelsaececco.it\/fr\/pourquoi-cesena\/#primaryimage\",\"inLanguage\":\"fr-FR\",\"url\":\"https:\/\/www.bbelsaececco.it\/wp-content\/uploads\/2020\/01\/bb_perchecesena_banner.png\",\"contentUrl\":\"https:\/\/www.bbelsaececco.it\/wp-content\/uploads\/2020\/01\/bb_perchecesena_banner.png\",\"width\":800,\"height\":809},{\"@type\":\"WebPage\",\"@id\":\"https:\/\/www.bbelsaececco.it\/fr\/pourquoi-cesena\/#webpage\",\"url\":\"https:\/\/www.bbelsaececco.it\/fr\/pourquoi-cesena\/\",\"name\":\"Pourquoi Cesena - B&amp;B Elsa e Cecco\",\"isPartOf\":{\"@id\":\"https:\/\/www.bbelsaececco.it\/#website\"},\"primaryImageOfPage\":{\"@id\":\"https:\/\/www.bbelsaececco.it\/fr\/pourquoi-cesena\/#primaryimage\"},\"datePublished\":\"2020-02-06T16:39:24+00:00\",\"dateModified\":\"2020-03-26T14:42:03+00:00\",\"description\":\"Cesena est une jolie petite ville au riche patrimoine historique et culturel. Depuis les collines qui entourent la ville on peut y voir la mer Adriatique.\",\"breadcrumb\":{\"@id\":\"https:\/\/www.bbelsaececco.it\/fr\/pourquoi-cesena\/#breadcrumb\"},\"inLanguage\":\"fr-FR\",\"potentialAction\":[{\"@type\":\"ReadAction\",\"target\":[\"https:\/\/www.bbelsaececco.it\/fr\/pourquoi-cesena\/\"]}]},{\"@type\":\"BreadcrumbList\",\"@id\":\"https:\/\/www.bbelsaececco.it\/fr\/pourquoi-cesena\/#breadcrumb\",\"itemListElement\":[{\"@type\":\"ListItem\",\"position\":1,\"name\":\"Home\",\"item\":\"https:\/\/www.bbelsaececco.it\/fr\/\"},{\"@type\":\"ListItem\",\"position\":2,\"name\":\"Pourquoi Cesena\"}]}]}<\/script>\n<!-- \/ Yoast SEO plugin. -->","yoast_head_json":{"title":"Pourquoi Cesena - B&amp;B Elsa e Cecco","description":"Cesena est une jolie petite ville au riche patrimoine historique et culturel. Depuis les collines qui entourent la ville on peut y voir la mer Adriatique.","robots":{"index":"index","follow":"follow","max-snippet":"max-snippet:-1","max-image-preview":"max-image-preview:large","max-video-preview":"max-video-preview:-1"},"canonical":"https:\/\/www.bbelsaececco.it\/fr\/pourquoi-cesena\/","og_locale":"fr_FR","og_type":"article","og_title":"Pourquoi Cesena - B&amp;B Elsa e Cecco","og_description":"Cesena est une jolie petite ville au riche patrimoine historique et culturel. Depuis les collines qui entourent la ville on peut y voir la mer Adriatique.","og_url":"https:\/\/www.bbelsaececco.it\/fr\/pourquoi-cesena\/","og_site_name":"B&amp;B Elsa e Cecco","article_modified_time":"2020-03-26T14:42:03+00:00","og_image":[{"url":"https:\/\/www.bbelsaececco.it\/wp-content\/uploads\/2020\/01\/bb_perchecesena_banner.png"}],"twitter_card":"summary_large_image","twitter_misc":{"Dur\u00e9e de lecture estim\u00e9e":"1 minute"},"schema":{"@context":"https:\/\/schema.org","@graph":[{"@type":"WebSite","@id":"https:\/\/www.bbelsaececco.it\/#website","url":"https:\/\/www.bbelsaececco.it\/","name":"B&amp;B Elsa e Cecco","description":"B&amp;B","potentialAction":[{"@type":"SearchAction","target":{"@type":"EntryPoint","urlTemplate":"https:\/\/www.bbelsaececco.it\/?s={search_term_string}"},"query-input":"required name=search_term_string"}],"inLanguage":"fr-FR"},{"@type":"ImageObject","@id":"https:\/\/www.bbelsaececco.it\/fr\/pourquoi-cesena\/#primaryimage","inLanguage":"fr-FR","url":"https:\/\/www.bbelsaececco.it\/wp-content\/uploads\/2020\/01\/bb_perchecesena_banner.png","contentUrl":"https:\/\/www.bbelsaececco.it\/wp-content\/uploads\/2020\/01\/bb_perchecesena_banner.png","width":800,"height":809},{"@type":"WebPage","@id":"https:\/\/www.bbelsaececco.it\/fr\/pourquoi-cesena\/#webpage","url":"https:\/\/www.bbelsaececco.it\/fr\/pourquoi-cesena\/","name":"Pourquoi Cesena - B&amp;B Elsa e Cecco","isPartOf":{"@id":"https:\/\/www.bbelsaececco.it\/#website"},"primaryImageOfPage":{"@id":"https:\/\/www.bbelsaececco.it\/fr\/pourquoi-cesena\/#primaryimage"},"datePublished":"2020-02-06T16:39:24+00:00","dateModified":"2020-03-26T14:42:03+00:00","description":"Cesena est une jolie petite ville au riche patrimoine historique et culturel. Depuis les collines qui entourent la ville on peut y voir la mer Adriatique.","breadcrumb":{"@id":"https:\/\/www.bbelsaececco.it\/fr\/pourquoi-cesena\/#breadcrumb"},"inLanguage":"fr-FR","potentialAction":[{"@type":"ReadAction","target":["https:\/\/www.bbelsaececco.it\/fr\/pourquoi-cesena\/"]}]},{"@type":"BreadcrumbList","@id":"https:\/\/www.bbelsaececco.it\/fr\/pourquoi-cesena\/#breadcrumb","itemListElement":[{"@type":"ListItem","position":1,"name":"Home","item":"https:\/\/www.bbelsaececco.it\/fr\/"},{"@type":"ListItem","position":2,"name":"Pourquoi Cesena"}]}]}},"_links":{"self":[{"href":"https:\/\/www.bbelsaececco.it\/fr\/wp-json\/wp\/v2\/pages\/896"}],"collection":[{"href":"https:\/\/www.bbelsaececco.it\/fr\/wp-json\/wp\/v2\/pages"}],"about":[{"href":"https:\/\/www.bbelsaececco.it\/fr\/wp-json\/wp\/v2\/types\/page"}],"author":[{"embeddable":true,"href":"https:\/\/www.bbelsaececco.it\/fr\/wp-json\/wp\/v2\/users\/1"}],"replies":[{"embeddable":true,"href":"https:\/\/www.bbelsaececco.it\/fr\/wp-json\/wp\/v2\/comments?post=896"}],"version-history":[{"count":33,"href":"https:\/\/www.bbelsaececco.it\/fr\/wp-json\/wp\/v2\/pages\/896\/revisions"}],"predecessor-version":[{"id":1225,"href":"https:\/\/www.bbelsaececco.it\/fr\/wp-json\/wp\/v2\/pages\/896\/revisions\/1225"}],"wp:attachment":[{"href":"https:\/\/www.bbelsaececco.it\/fr\/wp-json\/wp\/v2\/media?parent=896"}],"curies":[{"name":"wp","href":"https:\/\/api.w.org\/{rel}","templated":true}]}}