{"id":849,"date":"2020-02-06T16:16:45","date_gmt":"2020-02-06T16:16:45","guid":{"rendered":"https:\/\/www.bbelsaececco.it\/?page_id=849"},"modified":"2020-03-26T14:29:48","modified_gmt":"2020-03-26T14:29:48","slug":"hospitalite","status":"publish","type":"page","link":"https:\/\/www.bbelsaececco.it\/fr\/hospitalite\/","title":{"rendered":"Hospitalit\u00e9"},"content":{"rendered":"\t\t<div data-elementor-type=\"wp-page\" data-elementor-id=\"849\" class=\"elementor elementor-849 elementor-23\">\n\t\t\t\t\t\t<div class=\"elementor-inner\">\n\t\t\t\t<div class=\"elementor-section-wrap\">\n\t\t\t\t\t\t\t\t\t<section class=\"elementor-section elementor-top-section elementor-element elementor-element-1ce2ee6f elementor-section-content-middle elementor-reverse-mobile elementor-section-boxed elementor-section-height-default elementor-section-height-default\" data-id=\"1ce2ee6f\" data-element_type=\"section\">\n\t\t\t\t\t\t<div class=\"elementor-container elementor-column-gap-default\">\n\t\t\t\t\t\t\t<div class=\"elementor-row\">\n\t\t\t\t\t<div class=\"elementor-column elementor-col-50 elementor-top-column elementor-element elementor-element-269678af\" data-id=\"269678af\" data-element_type=\"column\">\n\t\t\t<div class=\"elementor-column-wrap elementor-element-populated\">\n\t\t\t\t\t\t\t<div class=\"elementor-widget-wrap\">\n\t\t\t\t\t\t<div class=\"elementor-element elementor-element-7d474526 elementor-widget elementor-widget-heading\" data-id=\"7d474526\" data-element_type=\"widget\" data-widget_type=\"heading.default\">\n\t\t\t\t<div class=\"elementor-widget-container\">\n\t\t\t<h1 class=\"elementor-heading-title elementor-size-default\">Hospitalit\u00e9<\/h1>\t\t<\/div>\n\t\t\t\t<\/div>\n\t\t\t\t<div class=\"elementor-element elementor-element-d96508c elementor-widget elementor-widget-text-editor\" data-id=\"d96508c\" data-element_type=\"widget\" data-widget_type=\"text-editor.default\">\n\t\t\t\t<div class=\"elementor-widget-container\">\n\t\t\t\t\t\t\t\t<div class=\"elementor-text-editor elementor-clearfix\">\n\t\t\t\t<p>Une maison lumineuse, donnant sur un jardin.<br \/><span style=\"font-size: 18px;\">Certains meubles ont \u00e9t\u00e9 imagin\u00e9s et dessin\u00e9s par Cecco.<br \/><\/span><span style=\"font-size: 18px;\">Il est possible de rejoindre le tr\u00e8s proche centre-ville \u00e0 pieds.<br \/><\/span><span style=\"font-size: 18px;\"><br \/>Les deux options:<br \/><\/span><strong style=\"font-size: 18px;\">L\u2019appartement<\/strong><span style=\"font-size: 18px;\"> au rez-de-chauss\u00e9e avec chambre, living room, salle de bains et cuisine.<br \/><\/span><strong style=\"font-size: 18px;\">Les deux chambres<\/strong><span style=\"font-size: 18px;\"> \u00e0 l\u2019\u00e9tage avec salle de bains, cuisine en commun et terrasses qui donnent sur le jardin.<\/span><\/p>\t\t\t\t\t<\/div>\n\t\t\t\t\t\t<\/div>\n\t\t\t\t<\/div>\n\t\t\t\t<div class=\"elementor-element elementor-element-eb7f98c elementor-widget elementor-widget-button\" data-id=\"eb7f98c\" data-element_type=\"widget\" data-widget_type=\"button.default\">\n\t\t\t\t<div class=\"elementor-widget-container\">\n\t\t\t\t\t<div class=\"elementor-button-wrapper\">\n\t\t\t<a href=\"\/fr\/ecrivez-nous\/\" class=\"elementor-button-link elementor-button elementor-size-lg\" role=\"button\">\n\t\t\t\t\t\t<span class=\"elementor-button-content-wrapper\">\n\t\t\t\t\t\t<span class=\"elementor-button-text\">Information requises<\/span>\n\t\t<\/span>\n\t\t\t\t\t<\/a>\n\t\t<\/div>\n\t\t\t\t<\/div>\n\t\t\t\t<\/div>\n\t\t\t\t\t\t<\/div>\n\t\t\t\t\t<\/div>\n\t\t<\/div>\n\t\t\t\t<div class=\"elementor-column elementor-col-50 elementor-top-column elementor-element elementor-element-1cd25a8c\" data-id=\"1cd25a8c\" data-element_type=\"column\">\n\t\t\t<div class=\"elementor-column-wrap elementor-element-populated\">\n\t\t\t\t\t\t\t<div class=\"elementor-widget-wrap\">\n\t\t\t\t\t\t<div class=\"elementor-element elementor-element-9821fc4 elementor-widget elementor-widget-image\" data-id=\"9821fc4\" data-element_type=\"widget\" data-widget_type=\"image.default\">\n\t\t\t\t<div class=\"elementor-widget-container\">\n\t\t\t\t\t\t\t\t<div class=\"elementor-image\">\n\t\t\t\t\t\t\t\t\t\t\t\t<img decoding=\"async\" loading=\"lazy\" width=\"800\" height=\"809\" src=\"https:\/\/www.bbelsaececco.it\/wp-content\/uploads\/2020\/01\/bb_ambienti_banner.png\" class=\"attachment-large size-large\" alt=\"\" srcset=\"https:\/\/www.bbelsaececco.it\/wp-content\/uploads\/2020\/01\/bb_ambienti_banner.png 800w, https:\/\/www.bbelsaececco.it\/wp-content\/uploads\/2020\/01\/bb_ambienti_banner-297x300.png 297w, https:\/\/www.bbelsaececco.it\/wp-content\/uploads\/2020\/01\/bb_ambienti_banner-768x777.png 768w\" sizes=\"(max-width: 800px) 100vw, 800px\" \/>\t\t\t\t\t\t\t\t\t\t\t\t\t\t<\/div>\n\t\t\t\t\t\t<\/div>\n\t\t\t\t<\/div>\n\t\t\t\t\t\t<\/div>\n\t\t\t\t\t<\/div>\n\t\t<\/div>\n\t\t\t\t\t\t\t\t<\/div>\n\t\t\t\t\t<\/div>\n\t\t<\/section>\n\t\t\t\t<section class=\"elementor-section elementor-top-section elementor-element elementor-element-26fa5a0 elementor-section-boxed elementor-section-height-default elementor-section-height-default\" data-id=\"26fa5a0\" data-element_type=\"section\">\n\t\t\t\t\t\t<div class=\"elementor-container elementor-column-gap-default\">\n\t\t\t\t\t\t\t<div class=\"elementor-row\">\n\t\t\t\t\t<div class=\"elementor-column elementor-col-50 elementor-top-column elementor-element elementor-element-7d3a5de\" data-id=\"7d3a5de\" data-element_type=\"column\">\n\t\t\t<div class=\"elementor-column-wrap elementor-element-populated\">\n\t\t\t\t\t\t\t<div class=\"elementor-widget-wrap\">\n\t\t\t\t\t\t<div class=\"elementor-element elementor-element-89e81c7 elementor-widget elementor-widget-image\" data-id=\"89e81c7\" data-element_type=\"widget\" data-widget_type=\"image.default\">\n\t\t\t\t<div class=\"elementor-widget-container\">\n\t\t\t\t\t\t\t\t<div class=\"elementor-image\">\n\t\t\t\t\t\t\t\t\t\t\t\t<img decoding=\"async\" loading=\"lazy\" width=\"800\" height=\"501\" src=\"https:\/\/www.bbelsaececco.it\/wp-content\/uploads\/2020\/01\/bb_ambienti_appartamento.jpg\" class=\"attachment-large size-large\" alt=\"\" srcset=\"https:\/\/www.bbelsaececco.it\/wp-content\/uploads\/2020\/01\/bb_ambienti_appartamento.jpg 800w, https:\/\/www.bbelsaececco.it\/wp-content\/uploads\/2020\/01\/bb_ambienti_appartamento-300x188.jpg 300w, https:\/\/www.bbelsaececco.it\/wp-content\/uploads\/2020\/01\/bb_ambienti_appartamento-768x481.jpg 768w\" sizes=\"(max-width: 800px) 100vw, 800px\" \/>\t\t\t\t\t\t\t\t\t\t\t\t\t\t<\/div>\n\t\t\t\t\t\t<\/div>\n\t\t\t\t<\/div>\n\t\t\t\t<div class=\"elementor-element elementor-element-949ac83 elementor-widget elementor-widget-heading\" data-id=\"949ac83\" data-element_type=\"widget\" data-widget_type=\"heading.default\">\n\t\t\t\t<div class=\"elementor-widget-container\">\n\t\t\t<h2 class=\"elementor-heading-title elementor-size-default\">Appartement<\/h2>\t\t<\/div>\n\t\t\t\t<\/div>\n\t\t\t\t<div class=\"elementor-element elementor-element-ed4ad71 elementor-widget elementor-widget-button\" data-id=\"ed4ad71\" data-element_type=\"widget\" data-widget_type=\"button.default\">\n\t\t\t\t<div class=\"elementor-widget-container\">\n\t\t\t\t\t<div class=\"elementor-button-wrapper\">\n\t\t\t<a href=\"\/fr\/appartement\/\" class=\"elementor-button-link elementor-button elementor-size-md\" role=\"button\">\n\t\t\t\t\t\t<span class=\"elementor-button-content-wrapper\">\n\t\t\t\t\t\t<span class=\"elementor-button-text\">D\u00e9couvrir plus<\/span>\n\t\t<\/span>\n\t\t\t\t\t<\/a>\n\t\t<\/div>\n\t\t\t\t<\/div>\n\t\t\t\t<\/div>\n\t\t\t\t\t\t<\/div>\n\t\t\t\t\t<\/div>\n\t\t<\/div>\n\t\t\t\t<div class=\"elementor-column elementor-col-50 elementor-top-column elementor-element elementor-element-c963112\" data-id=\"c963112\" data-element_type=\"column\">\n\t\t\t<div class=\"elementor-column-wrap elementor-element-populated\">\n\t\t\t\t\t\t\t<div class=\"elementor-widget-wrap\">\n\t\t\t\t\t\t<div class=\"elementor-element elementor-element-0c79c09 elementor-widget elementor-widget-image\" data-id=\"0c79c09\" data-element_type=\"widget\" data-widget_type=\"image.default\">\n\t\t\t\t<div class=\"elementor-widget-container\">\n\t\t\t\t\t\t\t\t<div class=\"elementor-image\">\n\t\t\t\t\t\t\t\t\t\t\t\t<img decoding=\"async\" loading=\"lazy\" width=\"800\" height=\"501\" src=\"https:\/\/www.bbelsaececco.it\/wp-content\/uploads\/2020\/01\/bb_ambienti_camere.jpg\" class=\"attachment-large size-large\" alt=\"\" srcset=\"https:\/\/www.bbelsaececco.it\/wp-content\/uploads\/2020\/01\/bb_ambienti_camere.jpg 800w, https:\/\/www.bbelsaececco.it\/wp-content\/uploads\/2020\/01\/bb_ambienti_camere-300x188.jpg 300w, https:\/\/www.bbelsaececco.it\/wp-content\/uploads\/2020\/01\/bb_ambienti_camere-768x481.jpg 768w\" sizes=\"(max-width: 800px) 100vw, 800px\" \/>\t\t\t\t\t\t\t\t\t\t\t\t\t\t<\/div>\n\t\t\t\t\t\t<\/div>\n\t\t\t\t<\/div>\n\t\t\t\t<div class=\"elementor-element elementor-element-f92455a elementor-widget elementor-widget-heading\" data-id=\"f92455a\" data-element_type=\"widget\" data-widget_type=\"heading.default\">\n\t\t\t\t<div class=\"elementor-widget-container\">\n\t\t\t<h2 class=\"elementor-heading-title elementor-size-default\"><a href=\"https:\/\/www.bbelsaececco.it\/it\/rooms\/\">Chambres<\/a><\/h2>\t\t<\/div>\n\t\t\t\t<\/div>\n\t\t\t\t<div class=\"elementor-element elementor-element-fd068d8 elementor-widget elementor-widget-button\" data-id=\"fd068d8\" data-element_type=\"widget\" data-widget_type=\"button.default\">\n\t\t\t\t<div class=\"elementor-widget-container\">\n\t\t\t\t\t<div class=\"elementor-button-wrapper\">\n\t\t\t<a href=\"\/fr\/chambres\/\" class=\"elementor-button-link elementor-button elementor-size-md\" role=\"button\">\n\t\t\t\t\t\t<span class=\"elementor-button-content-wrapper\">\n\t\t\t\t\t\t<span class=\"elementor-button-text\">D\u00e9couvrir plus<\/span>\n\t\t<\/span>\n\t\t\t\t\t<\/a>\n\t\t<\/div>\n\t\t\t\t<\/div>\n\t\t\t\t<\/div>\n\t\t\t\t\t\t<\/div>\n\t\t\t\t\t<\/div>\n\t\t<\/div>\n\t\t\t\t\t\t\t\t<\/div>\n\t\t\t\t\t<\/div>\n\t\t<\/section>\n\t\t\t\t\t\t\t\t\t<\/div>\n\t\t\t<\/div>\n\t\t\t\t\t<\/div>\n\t\t","protected":false},"excerpt":{"rendered":"<p>Hospitalit\u00e9 Une maison lumineuse, donnant sur un jardin.Certains meubles ont \u00e9t\u00e9 imagin\u00e9s et dessin\u00e9s par Cecco.Il est possible de rejoindre le tr\u00e8s proche centre-ville \u00e0 pieds. Les deux options:L\u2019appartement au rez-de-chauss\u00e9e avec chambre, living room, salle de bains et cuisine.Les deux chambres \u00e0 l\u2019\u00e9tage avec salle de bains, cuisine en commun et terrasses qui donnent &hellip;<\/p>\n<p class=\"read-more\"> <a class=\"\" href=\"https:\/\/www.bbelsaececco.it\/fr\/hospitalite\/\"> <span class=\"screen-reader-text\">Hospitalit\u00e9<\/span> Lire la suite\u00a0\u00bb<\/a><\/p>\n","protected":false},"author":1,"featured_media":0,"parent":0,"menu_order":0,"comment_status":"closed","ping_status":"closed","template":"","meta":{"site-sidebar-layout":"no-sidebar","site-content-layout":"page-builder","ast-site-content-layout":"","site-content-style":"default","site-sidebar-style":"default","ast-global-header-display":"","ast-banner-title-visibility":"","ast-main-header-display":"","ast-hfb-above-header-display":"","ast-hfb-below-header-display":"","ast-hfb-mobile-header-display":"","site-post-title":"disabled","ast-breadcrumbs-content":"","ast-featured-img":"disabled","footer-sml-layout":"","theme-transparent-header-meta":"default","adv-header-id-meta":"","stick-header-meta":"","header-above-stick-meta":"","header-main-stick-meta":"","header-below-stick-meta":"","astra-migrate-meta-layouts":"","ast-page-background-enabled":"default","ast-page-background-meta":{"desktop":{"background-color":"","background-image":"","background-repeat":"repeat","background-position":"center center","background-size":"auto","background-attachment":"scroll","background-type":"","background-media":"","overlay-type":"","overlay-color":"","overlay-gradient":""},"tablet":{"background-color":"","background-image":"","background-repeat":"repeat","background-position":"center center","background-size":"auto","background-attachment":"scroll","background-type":"","background-media":"","overlay-type":"","overlay-color":"","overlay-gradient":""},"mobile":{"background-color":"","background-image":"","background-repeat":"repeat","background-position":"center center","background-size":"auto","background-attachment":"scroll","background-type":"","background-media":"","overlay-type":"","overlay-color":"","overlay-gradient":""}},"ast-content-background-meta":{"desktop":{"background-color":"var(--ast-global-color-5)","background-image":"","background-repeat":"repeat","background-position":"center center","background-size":"auto","background-attachment":"scroll","background-type":"","background-media":"","overlay-type":"","overlay-color":"","overlay-gradient":""},"tablet":{"background-color":"var(--ast-global-color-5)","background-image":"","background-repeat":"repeat","background-position":"center center","background-size":"auto","background-attachment":"scroll","background-type":"","background-media":"","overlay-type":"","overlay-color":"","overlay-gradient":""},"mobile":{"background-color":"var(--ast-global-color-5)","background-image":"","background-repeat":"repeat","background-position":"center center","background-size":"auto","background-attachment":"scroll","background-type":"","background-media":"","overlay-type":"","overlay-color":"","overlay-gradient":""}},"footnotes":""},"yoast_head":"<!-- This site is optimized with the Yoast SEO plugin v18.5.1 - https:\/\/yoast.com\/wordpress\/plugins\/seo\/ -->\n<title>Hospitalit\u00e9 - B&amp;B Elsa e Cecco<\/title>\n<meta name=\"description\" content=\"Chambres d&#039;h\u00f4tes L&#039;Elsa e Cecco. Appartement \u00e0 louer dans le centre historique de Cesena, Italie.\" \/>\n<meta name=\"robots\" content=\"index, follow, max-snippet:-1, max-image-preview:large, max-video-preview:-1\" \/>\n<link rel=\"canonical\" href=\"https:\/\/www.bbelsaececco.it\/fr\/hospitalite\/\" \/>\n<meta property=\"og:locale\" content=\"fr_FR\" \/>\n<meta property=\"og:type\" content=\"article\" \/>\n<meta property=\"og:title\" content=\"Hospitalit\u00e9 - B&amp;B Elsa e Cecco\" \/>\n<meta property=\"og:description\" content=\"Chambres d&#039;h\u00f4tes L&#039;Elsa e Cecco. Appartement \u00e0 louer dans le centre historique de Cesena, Italie.\" \/>\n<meta property=\"og:url\" content=\"https:\/\/www.bbelsaececco.it\/fr\/hospitalite\/\" \/>\n<meta property=\"og:site_name\" content=\"B&amp;B Elsa e Cecco\" \/>\n<meta property=\"article:modified_time\" content=\"2020-03-26T14:29:48+00:00\" \/>\n<meta property=\"og:image\" content=\"https:\/\/www.bbelsaececco.it\/wp-content\/uploads\/2020\/01\/bb_ambienti_banner.png\" \/>\n<meta name=\"twitter:card\" content=\"summary_large_image\" \/>\n<script type=\"application\/ld+json\" class=\"yoast-schema-graph\">{\"@context\":\"https:\/\/schema.org\",\"@graph\":[{\"@type\":\"WebSite\",\"@id\":\"https:\/\/www.bbelsaececco.it\/#website\",\"url\":\"https:\/\/www.bbelsaececco.it\/\",\"name\":\"B&amp;B Elsa e Cecco\",\"description\":\"B&amp;B\",\"potentialAction\":[{\"@type\":\"SearchAction\",\"target\":{\"@type\":\"EntryPoint\",\"urlTemplate\":\"https:\/\/www.bbelsaececco.it\/?s={search_term_string}\"},\"query-input\":\"required name=search_term_string\"}],\"inLanguage\":\"fr-FR\"},{\"@type\":\"ImageObject\",\"@id\":\"https:\/\/www.bbelsaececco.it\/fr\/hospitalite\/#primaryimage\",\"inLanguage\":\"fr-FR\",\"url\":\"https:\/\/www.bbelsaececco.it\/wp-content\/uploads\/2020\/01\/bb_ambienti_banner.png\",\"contentUrl\":\"https:\/\/www.bbelsaececco.it\/wp-content\/uploads\/2020\/01\/bb_ambienti_banner.png\",\"width\":800,\"height\":809},{\"@type\":\"WebPage\",\"@id\":\"https:\/\/www.bbelsaececco.it\/fr\/hospitalite\/#webpage\",\"url\":\"https:\/\/www.bbelsaececco.it\/fr\/hospitalite\/\",\"name\":\"Hospitalit\u00e9 - B&amp;B Elsa e Cecco\",\"isPartOf\":{\"@id\":\"https:\/\/www.bbelsaececco.it\/#website\"},\"primaryImageOfPage\":{\"@id\":\"https:\/\/www.bbelsaececco.it\/fr\/hospitalite\/#primaryimage\"},\"datePublished\":\"2020-02-06T16:16:45+00:00\",\"dateModified\":\"2020-03-26T14:29:48+00:00\",\"description\":\"Chambres d'h\u00f4tes L'Elsa e Cecco. Appartement \u00e0 louer dans le centre historique de Cesena, Italie.\",\"breadcrumb\":{\"@id\":\"https:\/\/www.bbelsaececco.it\/fr\/hospitalite\/#breadcrumb\"},\"inLanguage\":\"fr-FR\",\"potentialAction\":[{\"@type\":\"ReadAction\",\"target\":[\"https:\/\/www.bbelsaececco.it\/fr\/hospitalite\/\"]}]},{\"@type\":\"BreadcrumbList\",\"@id\":\"https:\/\/www.bbelsaececco.it\/fr\/hospitalite\/#breadcrumb\",\"itemListElement\":[{\"@type\":\"ListItem\",\"position\":1,\"name\":\"Home\",\"item\":\"https:\/\/www.bbelsaececco.it\/fr\/\"},{\"@type\":\"ListItem\",\"position\":2,\"name\":\"Hospitalit\u00e9\"}]}]}<\/script>\n<!-- \/ Yoast SEO plugin. -->","yoast_head_json":{"title":"Hospitalit\u00e9 - B&amp;B Elsa e Cecco","description":"Chambres d'h\u00f4tes L'Elsa e Cecco. Appartement \u00e0 louer dans le centre historique de Cesena, Italie.","robots":{"index":"index","follow":"follow","max-snippet":"max-snippet:-1","max-image-preview":"max-image-preview:large","max-video-preview":"max-video-preview:-1"},"canonical":"https:\/\/www.bbelsaececco.it\/fr\/hospitalite\/","og_locale":"fr_FR","og_type":"article","og_title":"Hospitalit\u00e9 - B&amp;B Elsa e Cecco","og_description":"Chambres d'h\u00f4tes L'Elsa e Cecco. Appartement \u00e0 louer dans le centre historique de Cesena, Italie.","og_url":"https:\/\/www.bbelsaececco.it\/fr\/hospitalite\/","og_site_name":"B&amp;B Elsa e Cecco","article_modified_time":"2020-03-26T14:29:48+00:00","og_image":[{"url":"https:\/\/www.bbelsaececco.it\/wp-content\/uploads\/2020\/01\/bb_ambienti_banner.png"}],"twitter_card":"summary_large_image","schema":{"@context":"https:\/\/schema.org","@graph":[{"@type":"WebSite","@id":"https:\/\/www.bbelsaececco.it\/#website","url":"https:\/\/www.bbelsaececco.it\/","name":"B&amp;B Elsa e Cecco","description":"B&amp;B","potentialAction":[{"@type":"SearchAction","target":{"@type":"EntryPoint","urlTemplate":"https:\/\/www.bbelsaececco.it\/?s={search_term_string}"},"query-input":"required name=search_term_string"}],"inLanguage":"fr-FR"},{"@type":"ImageObject","@id":"https:\/\/www.bbelsaececco.it\/fr\/hospitalite\/#primaryimage","inLanguage":"fr-FR","url":"https:\/\/www.bbelsaececco.it\/wp-content\/uploads\/2020\/01\/bb_ambienti_banner.png","contentUrl":"https:\/\/www.bbelsaececco.it\/wp-content\/uploads\/2020\/01\/bb_ambienti_banner.png","width":800,"height":809},{"@type":"WebPage","@id":"https:\/\/www.bbelsaececco.it\/fr\/hospitalite\/#webpage","url":"https:\/\/www.bbelsaececco.it\/fr\/hospitalite\/","name":"Hospitalit\u00e9 - B&amp;B Elsa e Cecco","isPartOf":{"@id":"https:\/\/www.bbelsaececco.it\/#website"},"primaryImageOfPage":{"@id":"https:\/\/www.bbelsaececco.it\/fr\/hospitalite\/#primaryimage"},"datePublished":"2020-02-06T16:16:45+00:00","dateModified":"2020-03-26T14:29:48+00:00","description":"Chambres d'h\u00f4tes L'Elsa e Cecco. Appartement \u00e0 louer dans le centre historique de Cesena, Italie.","breadcrumb":{"@id":"https:\/\/www.bbelsaececco.it\/fr\/hospitalite\/#breadcrumb"},"inLanguage":"fr-FR","potentialAction":[{"@type":"ReadAction","target":["https:\/\/www.bbelsaececco.it\/fr\/hospitalite\/"]}]},{"@type":"BreadcrumbList","@id":"https:\/\/www.bbelsaececco.it\/fr\/hospitalite\/#breadcrumb","itemListElement":[{"@type":"ListItem","position":1,"name":"Home","item":"https:\/\/www.bbelsaececco.it\/fr\/"},{"@type":"ListItem","position":2,"name":"Hospitalit\u00e9"}]}]}},"_links":{"self":[{"href":"https:\/\/www.bbelsaececco.it\/fr\/wp-json\/wp\/v2\/pages\/849"}],"collection":[{"href":"https:\/\/www.bbelsaececco.it\/fr\/wp-json\/wp\/v2\/pages"}],"about":[{"href":"https:\/\/www.bbelsaececco.it\/fr\/wp-json\/wp\/v2\/types\/page"}],"author":[{"embeddable":true,"href":"https:\/\/www.bbelsaececco.it\/fr\/wp-json\/wp\/v2\/users\/1"}],"replies":[{"embeddable":true,"href":"https:\/\/www.bbelsaececco.it\/fr\/wp-json\/wp\/v2\/comments?post=849"}],"version-history":[{"count":18,"href":"https:\/\/www.bbelsaececco.it\/fr\/wp-json\/wp\/v2\/pages\/849\/revisions"}],"predecessor-version":[{"id":1227,"href":"https:\/\/www.bbelsaececco.it\/fr\/wp-json\/wp\/v2\/pages\/849\/revisions\/1227"}],"wp:attachment":[{"href":"https:\/\/www.bbelsaececco.it\/fr\/wp-json\/wp\/v2\/media?parent=849"}],"curies":[{"name":"wp","href":"https:\/\/api.w.org\/{rel}","templated":true}]}}