{"id":1179,"date":"2020-03-18T16:47:08","date_gmt":"2020-03-18T16:47:08","guid":{"rendered":"https:\/\/www.bbelsaececco.it\/casa\/"},"modified":"2020-03-26T14:20:58","modified_gmt":"2020-03-26T14:20:58","slug":"maison","status":"publish","type":"page","link":"https:\/\/www.bbelsaececco.it\/fr\/maison\/","title":{"rendered":"La Maison"},"content":{"rendered":"\t\t<div data-elementor-type=\"wp-page\" data-elementor-id=\"1179\" class=\"elementor elementor-1179 elementor-1098\">\n\t\t\t\t\t\t<div class=\"elementor-inner\">\n\t\t\t\t<div class=\"elementor-section-wrap\">\n\t\t\t\t\t\t\t\t\t<section class=\"elementor-section elementor-top-section elementor-element elementor-element-1ce2ee6f elementor-section-content-middle elementor-reverse-mobile elementor-section-boxed elementor-section-height-default elementor-section-height-default\" data-id=\"1ce2ee6f\" data-element_type=\"section\">\n\t\t\t\t\t\t<div class=\"elementor-container elementor-column-gap-default\">\n\t\t\t\t\t\t\t<div class=\"elementor-row\">\n\t\t\t\t\t<div class=\"elementor-column elementor-col-50 elementor-top-column elementor-element elementor-element-269678af\" data-id=\"269678af\" data-element_type=\"column\">\n\t\t\t<div class=\"elementor-column-wrap elementor-element-populated\">\n\t\t\t\t\t\t\t<div class=\"elementor-widget-wrap\">\n\t\t\t\t\t\t<div class=\"elementor-element elementor-element-7d474526 elementor-widget elementor-widget-heading\" data-id=\"7d474526\" data-element_type=\"widget\" data-widget_type=\"heading.default\">\n\t\t\t\t<div class=\"elementor-widget-container\">\n\t\t\t<h1 class=\"elementor-heading-title elementor-size-default\">La maison<\/h1>\t\t<\/div>\n\t\t\t\t<\/div>\n\t\t\t\t<div class=\"elementor-element elementor-element-9baeb12 elementor-widget elementor-widget-text-editor\" data-id=\"9baeb12\" data-element_type=\"widget\" data-widget_type=\"text-editor.default\">\n\t\t\t\t<div class=\"elementor-widget-container\">\n\t\t\t\t\t\t\t\t<div class=\"elementor-text-editor elementor-clearfix\">\n\t\t\t\tUne maison pleine de lumi\u00e8re avec un grand jardin, o\u00f9 vivent deux chiens mignons. Une grande partie du mobilier a \u00e9t\u00e9 con\u00e7ue par Cecco lui-m\u00eame dans les ann\u00e9es 1950. Depuis le quartier Madonna delle Rose, vous pouvez facilement rejoindre le centre-ville, pour d\u00e9couvrir son patrimoine riche en histoire et en culture.\t\t\t\t\t<\/div>\n\t\t\t\t\t\t<\/div>\n\t\t\t\t<\/div>\n\t\t\t\t<div class=\"elementor-element elementor-element-e44f9e3 elementor-widget elementor-widget-button\" data-id=\"e44f9e3\" data-element_type=\"widget\" data-widget_type=\"button.default\">\n\t\t\t\t<div class=\"elementor-widget-container\">\n\t\t\t\t\t<div class=\"elementor-button-wrapper\">\n\t\t\t<a href=\"https:\/\/www.bbelsaececco.it\/fr\/ecrivez-nous\/\" class=\"elementor-button-link elementor-button elementor-size-lg\" role=\"button\">\n\t\t\t\t\t\t<span class=\"elementor-button-content-wrapper\">\n\t\t\t\t\t\t<span class=\"elementor-button-text\">Informations requises<\/span>\n\t\t<\/span>\n\t\t\t\t\t<\/a>\n\t\t<\/div>\n\t\t\t\t<\/div>\n\t\t\t\t<\/div>\n\t\t\t\t\t\t<\/div>\n\t\t\t\t\t<\/div>\n\t\t<\/div>\n\t\t\t\t<div class=\"elementor-column elementor-col-50 elementor-top-column elementor-element elementor-element-1cd25a8c\" data-id=\"1cd25a8c\" data-element_type=\"column\">\n\t\t\t<div class=\"elementor-column-wrap elementor-element-populated\">\n\t\t\t\t\t\t\t<div class=\"elementor-widget-wrap\">\n\t\t\t\t\t\t<div class=\"elementor-element elementor-element-9821fc4 elementor-widget elementor-widget-image\" data-id=\"9821fc4\" data-element_type=\"widget\" data-widget_type=\"image.default\">\n\t\t\t\t<div class=\"elementor-widget-container\">\n\t\t\t\t\t\t\t\t<div class=\"elementor-image\">\n\t\t\t\t\t\t\t\t\t\t\t\t<img decoding=\"async\" loading=\"lazy\" width=\"800\" height=\"809\" src=\"https:\/\/www.bbelsaececco.it\/wp-content\/uploads\/2020\/03\/bb_lacasa_banner.png\" class=\"attachment-large size-large\" alt=\"\" srcset=\"https:\/\/www.bbelsaececco.it\/wp-content\/uploads\/2020\/03\/bb_lacasa_banner.png 800w, https:\/\/www.bbelsaececco.it\/wp-content\/uploads\/2020\/03\/bb_lacasa_banner-297x300.png 297w, https:\/\/www.bbelsaececco.it\/wp-content\/uploads\/2020\/03\/bb_lacasa_banner-768x777.png 768w\" sizes=\"(max-width: 800px) 100vw, 800px\" \/>\t\t\t\t\t\t\t\t\t\t\t\t\t\t<\/div>\n\t\t\t\t\t\t<\/div>\n\t\t\t\t<\/div>\n\t\t\t\t\t\t<\/div>\n\t\t\t\t\t<\/div>\n\t\t<\/div>\n\t\t\t\t\t\t\t\t<\/div>\n\t\t\t\t\t<\/div>\n\t\t<\/section>\n\t\t\t\t<section class=\"elementor-section elementor-top-section elementor-element elementor-element-dda7719 elementor-section-boxed elementor-section-height-default elementor-section-height-default\" data-id=\"dda7719\" data-element_type=\"section\">\n\t\t\t\t\t\t<div class=\"elementor-container elementor-column-gap-default\">\n\t\t\t\t\t\t\t<div class=\"elementor-row\">\n\t\t\t\t\t<div class=\"elementor-column elementor-col-25 elementor-top-column elementor-element elementor-element-ff75eb3\" data-id=\"ff75eb3\" data-element_type=\"column\">\n\t\t\t<div class=\"elementor-column-wrap elementor-element-populated\">\n\t\t\t\t\t\t\t<div class=\"elementor-widget-wrap\">\n\t\t\t\t\t\t<div class=\"elementor-element elementor-element-ab15931 elementor-widget elementor-widget-image\" data-id=\"ab15931\" data-element_type=\"widget\" data-widget_type=\"image.default\">\n\t\t\t\t<div class=\"elementor-widget-container\">\n\t\t\t\t\t\t\t\t<div class=\"elementor-image\">\n\t\t\t\t\t\t\t\t\t\t\t\t<img decoding=\"async\" loading=\"lazy\" width=\"100\" height=\"100\" src=\"https:\/\/www.bbelsaececco.it\/wp-content\/uploads\/2020\/03\/bb_icon_lacasa_mobili.png\" class=\"attachment-large size-large\" alt=\"\" \/>\t\t\t\t\t\t\t\t\t\t\t\t\t\t<\/div>\n\t\t\t\t\t\t<\/div>\n\t\t\t\t<\/div>\n\t\t\t\t<div class=\"elementor-element elementor-element-5e4c56c elementor-view-default elementor-vertical-align-top elementor-widget elementor-widget-icon-box\" data-id=\"5e4c56c\" data-element_type=\"widget\" data-widget_type=\"icon-box.default\">\n\t\t\t\t<div class=\"elementor-widget-container\">\n\t\t\t\t\t<div class=\"elementor-icon-box-wrapper\">\n\t\t\t\t\t\t<div class=\"elementor-icon-box-content\">\n\t\t\t\t<h3 class=\"elementor-icon-box-title\">\n\t\t\t\t\t<span  >\n\t\t\t\t\t\tLocal\t\t\t\t\t<\/span>\n\t\t\t\t<\/h3>\n\t\t\t\t\t\t\t\t\t<p class=\"elementor-icon-box-description\">\n\t\t\t\t\t\tTout meubl\u00e9. De nombreux meubles ont \u00e9t\u00e9 con\u00e7us dans les ann\u00e9es 1950 par Cecco lui-m\u00eame.\t\t\t\t\t<\/p>\n\t\t\t\t\t\t\t<\/div>\n\t\t<\/div>\n\t\t\t\t<\/div>\n\t\t\t\t<\/div>\n\t\t\t\t\t\t<\/div>\n\t\t\t\t\t<\/div>\n\t\t<\/div>\n\t\t\t\t<div class=\"elementor-column elementor-col-25 elementor-top-column elementor-element elementor-element-b18f792\" data-id=\"b18f792\" data-element_type=\"column\">\n\t\t\t<div class=\"elementor-column-wrap elementor-element-populated\">\n\t\t\t\t\t\t\t<div class=\"elementor-widget-wrap\">\n\t\t\t\t\t\t<div class=\"elementor-element elementor-element-d7c62ac elementor-widget elementor-widget-image\" data-id=\"d7c62ac\" data-element_type=\"widget\" data-widget_type=\"image.default\">\n\t\t\t\t<div class=\"elementor-widget-container\">\n\t\t\t\t\t\t\t\t<div class=\"elementor-image\">\n\t\t\t\t\t\t\t\t\t\t\t\t<img decoding=\"async\" loading=\"lazy\" width=\"100\" height=\"100\" src=\"https:\/\/www.bbelsaececco.it\/wp-content\/uploads\/2020\/03\/bb_icon_lacasa_posizione.png\" class=\"attachment-large size-large\" alt=\"\" \/>\t\t\t\t\t\t\t\t\t\t\t\t\t\t<\/div>\n\t\t\t\t\t\t<\/div>\n\t\t\t\t<\/div>\n\t\t\t\t<div class=\"elementor-element elementor-element-a4d17d7 elementor-view-default elementor-vertical-align-top elementor-widget elementor-widget-icon-box\" data-id=\"a4d17d7\" data-element_type=\"widget\" data-widget_type=\"icon-box.default\">\n\t\t\t\t<div class=\"elementor-widget-container\">\n\t\t\t\t\t<div class=\"elementor-icon-box-wrapper\">\n\t\t\t\t\t\t<div class=\"elementor-icon-box-content\">\n\t\t\t\t<h3 class=\"elementor-icon-box-title\">\n\t\t\t\t\t<span  >\n\t\t\t\t\t\tPosition\t\t\t\t\t<\/span>\n\t\t\t\t<\/h3>\n\t\t\t\t\t\t\t\t\t<p class=\"elementor-icon-box-description\">\n\t\t\t\t\t\tCentre ville. Vous s\u00e9journerez au c\u0153ur de la ville, dans un quartier r\u00e9sidentiel bien connu.\t\t\t\t\t<\/p>\n\t\t\t\t\t\t\t<\/div>\n\t\t<\/div>\n\t\t\t\t<\/div>\n\t\t\t\t<\/div>\n\t\t\t\t\t\t<\/div>\n\t\t\t\t\t<\/div>\n\t\t<\/div>\n\t\t\t\t<div class=\"elementor-column elementor-col-25 elementor-top-column elementor-element elementor-element-0530ea9\" data-id=\"0530ea9\" data-element_type=\"column\">\n\t\t\t<div class=\"elementor-column-wrap elementor-element-populated\">\n\t\t\t\t\t\t\t<div class=\"elementor-widget-wrap\">\n\t\t\t\t\t\t<div class=\"elementor-element elementor-element-93106c6 elementor-widget elementor-widget-image\" data-id=\"93106c6\" data-element_type=\"widget\" data-widget_type=\"image.default\">\n\t\t\t\t<div class=\"elementor-widget-container\">\n\t\t\t\t\t\t\t\t<div class=\"elementor-image\">\n\t\t\t\t\t\t\t\t\t\t\t\t<img decoding=\"async\" loading=\"lazy\" width=\"100\" height=\"100\" src=\"https:\/\/www.bbelsaececco.it\/wp-content\/uploads\/2020\/01\/bb_icon_appartamento_camere_cucinaattrezzata.png\" class=\"attachment-large size-large\" alt=\"\" \/>\t\t\t\t\t\t\t\t\t\t\t\t\t\t<\/div>\n\t\t\t\t\t\t<\/div>\n\t\t\t\t<\/div>\n\t\t\t\t<div class=\"elementor-element elementor-element-b55525a elementor-view-default elementor-vertical-align-top elementor-widget elementor-widget-icon-box\" data-id=\"b55525a\" data-element_type=\"widget\" data-widget_type=\"icon-box.default\">\n\t\t\t\t<div class=\"elementor-widget-container\">\n\t\t\t\t\t<div class=\"elementor-icon-box-wrapper\">\n\t\t\t\t\t\t<div class=\"elementor-icon-box-content\">\n\t\t\t\t<h3 class=\"elementor-icon-box-title\">\n\t\t\t\t\t<span  >\n\t\t\t\t\t\tCuisine\t\t\t\t\t<\/span>\n\t\t\t\t<\/h3>\n\t\t\t\t\t\t\t\t\t<p class=\"elementor-icon-box-description\">\n\t\t\t\t\t\t\u00c9quip\u00e9 et complet d'outils. Il existe \u00e9galement des recettes de la cuisine typique de la Romagne.\t\t\t\t\t<\/p>\n\t\t\t\t\t\t\t<\/div>\n\t\t<\/div>\n\t\t\t\t<\/div>\n\t\t\t\t<\/div>\n\t\t\t\t\t\t<\/div>\n\t\t\t\t\t<\/div>\n\t\t<\/div>\n\t\t\t\t<div class=\"elementor-column elementor-col-25 elementor-top-column elementor-element elementor-element-fca6476\" data-id=\"fca6476\" data-element_type=\"column\">\n\t\t\t<div class=\"elementor-column-wrap elementor-element-populated\">\n\t\t\t\t\t\t\t<div class=\"elementor-widget-wrap\">\n\t\t\t\t\t\t<div class=\"elementor-element elementor-element-1dff0c8 elementor-widget elementor-widget-image\" data-id=\"1dff0c8\" data-element_type=\"widget\" data-widget_type=\"image.default\">\n\t\t\t\t<div class=\"elementor-widget-container\">\n\t\t\t\t\t\t\t\t<div class=\"elementor-image\">\n\t\t\t\t\t\t\t\t\t\t\t\t<img decoding=\"async\" loading=\"lazy\" width=\"100\" height=\"100\" src=\"https:\/\/www.bbelsaececco.it\/wp-content\/uploads\/2020\/01\/bb_icon_servizi_giardino.png\" class=\"attachment-large size-large\" alt=\"\" \/>\t\t\t\t\t\t\t\t\t\t\t\t\t\t<\/div>\n\t\t\t\t\t\t<\/div>\n\t\t\t\t<\/div>\n\t\t\t\t<div class=\"elementor-element elementor-element-5a2a970 elementor-view-default elementor-vertical-align-top elementor-widget elementor-widget-icon-box\" data-id=\"5a2a970\" data-element_type=\"widget\" data-widget_type=\"icon-box.default\">\n\t\t\t\t<div class=\"elementor-widget-container\">\n\t\t\t\t\t<div class=\"elementor-icon-box-wrapper\">\n\t\t\t\t\t\t<div class=\"elementor-icon-box-content\">\n\t\t\t\t<h3 class=\"elementor-icon-box-title\">\n\t\t\t\t\t<span  >\n\t\t\t\t\t\tJardin\t\t\t\t\t<\/span>\n\t\t\t\t<\/h3>\n\t\t\t\t\t\t\t\t\t<p class=\"elementor-icon-box-description\">\n\t\t\t\t\t\tGrand et priv\u00e9. Sur demande, il est possible de r\u00e9server un espace pour des d\u00eeners ou des moments de d\u00e9tente.\t\t\t\t\t<\/p>\n\t\t\t\t\t\t\t<\/div>\n\t\t<\/div>\n\t\t\t\t<\/div>\n\t\t\t\t<\/div>\n\t\t\t\t\t\t<\/div>\n\t\t\t\t\t<\/div>\n\t\t<\/div>\n\t\t\t\t\t\t\t\t<\/div>\n\t\t\t\t\t<\/div>\n\t\t<\/section>\n\t\t\t\t<section class=\"elementor-section elementor-top-section elementor-element elementor-element-35946fd elementor-section-boxed elementor-section-height-default elementor-section-height-default\" data-id=\"35946fd\" data-element_type=\"section\">\n\t\t\t\t\t\t<div class=\"elementor-container elementor-column-gap-default\">\n\t\t\t\t\t\t\t<div class=\"elementor-row\">\n\t\t\t\t\t<div class=\"elementor-column elementor-col-100 elementor-top-column elementor-element elementor-element-e6c21e2\" data-id=\"e6c21e2\" data-element_type=\"column\" data-settings=\"{&quot;background_background&quot;:&quot;slideshow&quot;,&quot;background_slideshow_gallery&quot;:[],&quot;background_slideshow_loop&quot;:&quot;yes&quot;,&quot;background_slideshow_slide_duration&quot;:5000,&quot;background_slideshow_slide_transition&quot;:&quot;fade&quot;,&quot;background_slideshow_transition_duration&quot;:500}\">\n\t\t\t<div class=\"elementor-column-wrap elementor-element-populated\">\n\t\t\t\t\t\t\t<div class=\"elementor-widget-wrap\">\n\t\t\t\t\t\t<div class=\"elementor-element elementor-element-b0f0597 elementor-widget elementor-widget-image-gallery\" data-id=\"b0f0597\" data-element_type=\"widget\" data-widget_type=\"image-gallery.default\">\n\t\t\t\t<div class=\"elementor-widget-container\">\n\t\t\t\t\t<div class=\"elementor-image-gallery\">\n\t\t\t<div id='gallery-1' class='gallery galleryid-1179 gallery-columns-3 gallery-size-full'><figure class='gallery-item'>\n\t\t\t<div class='gallery-icon landscape'>\n\t\t\t\t<a data-elementor-open-lightbox=\"yes\" data-elementor-lightbox-slideshow=\"b0f0597\" data-elementor-lightbox-title=\"bb_appartamento_gallery_7\" e-action-hash=\"#elementor-action%3Aaction%3Dlightbox%26settings%3DeyJpZCI6NDUyLCJ1cmwiOiJodHRwczpcL1wvd3d3LmJiZWxzYWVjZWNjby5pdFwvd3AtY29udGVudFwvdXBsb2Fkc1wvMjAyMFwvMDFcL2JiX2FwcGFydGFtZW50b19nYWxsZXJ5XzcuanBnIiwic2xpZGVzaG93IjoiYjBmMDU5NyJ9\" href='https:\/\/www.bbelsaececco.it\/wp-content\/uploads\/2020\/01\/bb_appartamento_gallery_7.jpg'><img width=\"570\" height=\"469\" src=\"https:\/\/www.bbelsaececco.it\/wp-content\/uploads\/2020\/01\/bb_appartamento_gallery_7.jpg\" class=\"attachment-full size-full\" alt=\"\" decoding=\"async\" loading=\"lazy\" srcset=\"https:\/\/www.bbelsaececco.it\/wp-content\/uploads\/2020\/01\/bb_appartamento_gallery_7.jpg 570w, https:\/\/www.bbelsaececco.it\/wp-content\/uploads\/2020\/01\/bb_appartamento_gallery_7-300x247.jpg 300w\" sizes=\"(max-width: 570px) 100vw, 570px\" \/><\/a>\n\t\t\t<\/div><\/figure><figure class='gallery-item'>\n\t\t\t<div class='gallery-icon landscape'>\n\t\t\t\t<a data-elementor-open-lightbox=\"yes\" data-elementor-lightbox-slideshow=\"b0f0597\" data-elementor-lightbox-title=\"bb_appartamento_gallery_8\" e-action-hash=\"#elementor-action%3Aaction%3Dlightbox%26settings%3DeyJpZCI6NDU1LCJ1cmwiOiJodHRwczpcL1wvd3d3LmJiZWxzYWVjZWNjby5pdFwvd3AtY29udGVudFwvdXBsb2Fkc1wvMjAyMFwvMDFcL2JiX2FwcGFydGFtZW50b19nYWxsZXJ5XzguanBnIiwic2xpZGVzaG93IjoiYjBmMDU5NyJ9\" href='https:\/\/www.bbelsaececco.it\/wp-content\/uploads\/2020\/01\/bb_appartamento_gallery_8.jpg'><img width=\"570\" height=\"469\" src=\"https:\/\/www.bbelsaececco.it\/wp-content\/uploads\/2020\/01\/bb_appartamento_gallery_8.jpg\" class=\"attachment-full size-full\" alt=\"\" decoding=\"async\" loading=\"lazy\" srcset=\"https:\/\/www.bbelsaececco.it\/wp-content\/uploads\/2020\/01\/bb_appartamento_gallery_8.jpg 570w, https:\/\/www.bbelsaececco.it\/wp-content\/uploads\/2020\/01\/bb_appartamento_gallery_8-300x247.jpg 300w\" sizes=\"(max-width: 570px) 100vw, 570px\" \/><\/a>\n\t\t\t<\/div><\/figure><figure class='gallery-item'>\n\t\t\t<div class='gallery-icon landscape'>\n\t\t\t\t<a data-elementor-open-lightbox=\"yes\" data-elementor-lightbox-slideshow=\"b0f0597\" data-elementor-lightbox-title=\"bb_elsa_e_cecco_la_casa_gallery_libri\" e-action-hash=\"#elementor-action%3Aaction%3Dlightbox%26settings%3DeyJpZCI6MTE1MiwidXJsIjoiaHR0cHM6XC9cL3d3dy5iYmVsc2FlY2VjY28uaXRcL3dwLWNvbnRlbnRcL3VwbG9hZHNcLzIwMjBcLzAzXC9iYl9lbHNhX2VfY2VjY29fbGFfY2FzYV9nYWxsZXJ5X2xpYnJpLmpwZyIsInNsaWRlc2hvdyI6ImIwZjA1OTcifQ%3D%3D\" href='https:\/\/www.bbelsaececco.it\/wp-content\/uploads\/2020\/03\/bb_elsa_e_cecco_la_casa_gallery_libri.jpg'><img width=\"570\" height=\"469\" src=\"https:\/\/www.bbelsaececco.it\/wp-content\/uploads\/2020\/03\/bb_elsa_e_cecco_la_casa_gallery_libri.jpg\" class=\"attachment-full size-full\" alt=\"\" decoding=\"async\" loading=\"lazy\" srcset=\"https:\/\/www.bbelsaececco.it\/wp-content\/uploads\/2020\/03\/bb_elsa_e_cecco_la_casa_gallery_libri.jpg 570w, https:\/\/www.bbelsaececco.it\/wp-content\/uploads\/2020\/03\/bb_elsa_e_cecco_la_casa_gallery_libri-300x247.jpg 300w\" sizes=\"(max-width: 570px) 100vw, 570px\" \/><\/a>\n\t\t\t<\/div><\/figure><figure class='gallery-item'>\n\t\t\t<div class='gallery-icon landscape'>\n\t\t\t\t<a data-elementor-open-lightbox=\"yes\" data-elementor-lightbox-slideshow=\"b0f0597\" data-elementor-lightbox-title=\"bb_lastoria_gallery_1\" e-action-hash=\"#elementor-action%3Aaction%3Dlightbox%26settings%3DeyJpZCI6NDA2LCJ1cmwiOiJodHRwczpcL1wvd3d3LmJiZWxzYWVjZWNjby5pdFwvd3AtY29udGVudFwvdXBsb2Fkc1wvMjAyMFwvMDFcL2JiX2xhc3RvcmlhX2dhbGxlcnlfMS5qcGciLCJzbGlkZXNob3ciOiJiMGYwNTk3In0%3D\" href='https:\/\/www.bbelsaececco.it\/wp-content\/uploads\/2020\/01\/bb_lastoria_gallery_1.jpg'><img width=\"570\" height=\"469\" src=\"https:\/\/www.bbelsaececco.it\/wp-content\/uploads\/2020\/01\/bb_lastoria_gallery_1.jpg\" class=\"attachment-full size-full\" alt=\"\" decoding=\"async\" loading=\"lazy\" srcset=\"https:\/\/www.bbelsaececco.it\/wp-content\/uploads\/2020\/01\/bb_lastoria_gallery_1.jpg 570w, https:\/\/www.bbelsaececco.it\/wp-content\/uploads\/2020\/01\/bb_lastoria_gallery_1-300x247.jpg 300w\" sizes=\"(max-width: 570px) 100vw, 570px\" \/><\/a>\n\t\t\t<\/div><\/figure><figure class='gallery-item'>\n\t\t\t<div class='gallery-icon landscape'>\n\t\t\t\t<a data-elementor-open-lightbox=\"yes\" data-elementor-lightbox-slideshow=\"b0f0597\" data-elementor-lightbox-title=\"bb_elsa_e_cecco_la_casa_gallery_tecnigrafo\" e-action-hash=\"#elementor-action%3Aaction%3Dlightbox%26settings%3DeyJpZCI6MTE1OCwidXJsIjoiaHR0cHM6XC9cL3d3dy5iYmVsc2FlY2VjY28uaXRcL3dwLWNvbnRlbnRcL3VwbG9hZHNcLzIwMjBcLzAzXC9iYl9lbHNhX2VfY2VjY29fbGFfY2FzYV9nYWxsZXJ5X3RlY25pZ3JhZm8uanBnIiwic2xpZGVzaG93IjoiYjBmMDU5NyJ9\" href='https:\/\/www.bbelsaececco.it\/wp-content\/uploads\/2020\/03\/bb_elsa_e_cecco_la_casa_gallery_tecnigrafo.jpg'><img width=\"570\" height=\"469\" src=\"https:\/\/www.bbelsaececco.it\/wp-content\/uploads\/2020\/03\/bb_elsa_e_cecco_la_casa_gallery_tecnigrafo.jpg\" class=\"attachment-full size-full\" alt=\"\" decoding=\"async\" loading=\"lazy\" srcset=\"https:\/\/www.bbelsaececco.it\/wp-content\/uploads\/2020\/03\/bb_elsa_e_cecco_la_casa_gallery_tecnigrafo.jpg 570w, https:\/\/www.bbelsaececco.it\/wp-content\/uploads\/2020\/03\/bb_elsa_e_cecco_la_casa_gallery_tecnigrafo-300x247.jpg 300w\" sizes=\"(max-width: 570px) 100vw, 570px\" \/><\/a>\n\t\t\t<\/div><\/figure><figure class='gallery-item'>\n\t\t\t<div class='gallery-icon landscape'>\n\t\t\t\t<a data-elementor-open-lightbox=\"yes\" data-elementor-lightbox-slideshow=\"b0f0597\" data-elementor-lightbox-title=\"bb_elsa_e_cecco_la_casa_gallery_vini\" e-action-hash=\"#elementor-action%3Aaction%3Dlightbox%26settings%3DeyJpZCI6MTE2MSwidXJsIjoiaHR0cHM6XC9cL3d3dy5iYmVsc2FlY2VjY28uaXRcL3dwLWNvbnRlbnRcL3VwbG9hZHNcLzIwMjBcLzAzXC9iYl9lbHNhX2VfY2VjY29fbGFfY2FzYV9nYWxsZXJ5X3ZpbmkuanBnIiwic2xpZGVzaG93IjoiYjBmMDU5NyJ9\" href='https:\/\/www.bbelsaececco.it\/wp-content\/uploads\/2020\/03\/bb_elsa_e_cecco_la_casa_gallery_vini.jpg'><img width=\"570\" height=\"469\" src=\"https:\/\/www.bbelsaececco.it\/wp-content\/uploads\/2020\/03\/bb_elsa_e_cecco_la_casa_gallery_vini.jpg\" class=\"attachment-full size-full\" alt=\"\" decoding=\"async\" loading=\"lazy\" srcset=\"https:\/\/www.bbelsaececco.it\/wp-content\/uploads\/2020\/03\/bb_elsa_e_cecco_la_casa_gallery_vini.jpg 570w, https:\/\/www.bbelsaececco.it\/wp-content\/uploads\/2020\/03\/bb_elsa_e_cecco_la_casa_gallery_vini-300x247.jpg 300w\" sizes=\"(max-width: 570px) 100vw, 570px\" \/><\/a>\n\t\t\t<\/div><\/figure><figure class='gallery-item'>\n\t\t\t<div class='gallery-icon landscape'>\n\t\t\t\t<a data-elementor-open-lightbox=\"yes\" data-elementor-lightbox-slideshow=\"b0f0597\" data-elementor-lightbox-title=\"bb_elsa_e_cecco_la_casa_piastrelle\" e-action-hash=\"#elementor-action%3Aaction%3Dlightbox%26settings%3DeyJpZCI6MTE0NiwidXJsIjoiaHR0cHM6XC9cL3d3dy5iYmVsc2FlY2VjY28uaXRcL3dwLWNvbnRlbnRcL3VwbG9hZHNcLzIwMjBcLzAzXC9iYl9lbHNhX2VfY2VjY29fbGFfY2FzYV9waWFzdHJlbGxlLmpwZyIsInNsaWRlc2hvdyI6ImIwZjA1OTcifQ%3D%3D\" href='https:\/\/www.bbelsaececco.it\/wp-content\/uploads\/2020\/03\/bb_elsa_e_cecco_la_casa_piastrelle.jpg'><img width=\"570\" height=\"469\" src=\"https:\/\/www.bbelsaececco.it\/wp-content\/uploads\/2020\/03\/bb_elsa_e_cecco_la_casa_piastrelle.jpg\" class=\"attachment-full size-full\" alt=\"\" decoding=\"async\" loading=\"lazy\" srcset=\"https:\/\/www.bbelsaececco.it\/wp-content\/uploads\/2020\/03\/bb_elsa_e_cecco_la_casa_piastrelle.jpg 570w, https:\/\/www.bbelsaececco.it\/wp-content\/uploads\/2020\/03\/bb_elsa_e_cecco_la_casa_piastrelle-300x247.jpg 300w\" sizes=\"(max-width: 570px) 100vw, 570px\" \/><\/a>\n\t\t\t<\/div><\/figure><figure class='gallery-item'>\n\t\t\t<div class='gallery-icon landscape'>\n\t\t\t\t<a data-elementor-open-lightbox=\"yes\" data-elementor-lightbox-slideshow=\"b0f0597\" data-elementor-lightbox-title=\"bb_elsa_e_cecco_la_casa_gallery_imbuto\" e-action-hash=\"#elementor-action%3Aaction%3Dlightbox%26settings%3DeyJpZCI6MTE0OSwidXJsIjoiaHR0cHM6XC9cL3d3dy5iYmVsc2FlY2VjY28uaXRcL3dwLWNvbnRlbnRcL3VwbG9hZHNcLzIwMjBcLzAzXC9iYl9lbHNhX2VfY2VjY29fbGFfY2FzYV9nYWxsZXJ5X2ltYnV0by5qcGciLCJzbGlkZXNob3ciOiJiMGYwNTk3In0%3D\" href='https:\/\/www.bbelsaececco.it\/wp-content\/uploads\/2020\/03\/bb_elsa_e_cecco_la_casa_gallery_imbuto.jpg'><img width=\"570\" height=\"469\" src=\"https:\/\/www.bbelsaececco.it\/wp-content\/uploads\/2020\/03\/bb_elsa_e_cecco_la_casa_gallery_imbuto.jpg\" class=\"attachment-full size-full\" alt=\"\" decoding=\"async\" loading=\"lazy\" srcset=\"https:\/\/www.bbelsaececco.it\/wp-content\/uploads\/2020\/03\/bb_elsa_e_cecco_la_casa_gallery_imbuto.jpg 570w, https:\/\/www.bbelsaececco.it\/wp-content\/uploads\/2020\/03\/bb_elsa_e_cecco_la_casa_gallery_imbuto-300x247.jpg 300w\" sizes=\"(max-width: 570px) 100vw, 570px\" \/><\/a>\n\t\t\t<\/div><\/figure><figure class='gallery-item'>\n\t\t\t<div class='gallery-icon landscape'>\n\t\t\t\t<a data-elementor-open-lightbox=\"yes\" data-elementor-lightbox-slideshow=\"b0f0597\" data-elementor-lightbox-title=\"bb_elsa_e_cecco_la_casa_geranei\" e-action-hash=\"#elementor-action%3Aaction%3Dlightbox%26settings%3DeyJpZCI6MTEyOSwidXJsIjoiaHR0cHM6XC9cL3d3dy5iYmVsc2FlY2VjY28uaXRcL3dwLWNvbnRlbnRcL3VwbG9hZHNcLzIwMjBcLzAzXC9iYl9lbHNhX2VfY2VjY29fbGFfY2FzYV9nZXJhbmVpLmpwZyIsInNsaWRlc2hvdyI6ImIwZjA1OTcifQ%3D%3D\" href='https:\/\/www.bbelsaececco.it\/wp-content\/uploads\/2020\/03\/bb_elsa_e_cecco_la_casa_geranei.jpg'><img width=\"570\" height=\"469\" src=\"https:\/\/www.bbelsaececco.it\/wp-content\/uploads\/2020\/03\/bb_elsa_e_cecco_la_casa_geranei.jpg\" class=\"attachment-full size-full\" alt=\"\" decoding=\"async\" loading=\"lazy\" srcset=\"https:\/\/www.bbelsaececco.it\/wp-content\/uploads\/2020\/03\/bb_elsa_e_cecco_la_casa_geranei.jpg 570w, https:\/\/www.bbelsaececco.it\/wp-content\/uploads\/2020\/03\/bb_elsa_e_cecco_la_casa_geranei-300x247.jpg 300w\" sizes=\"(max-width: 570px) 100vw, 570px\" \/><\/a>\n\t\t\t<\/div><\/figure><figure class='gallery-item'>\n\t\t\t<div class='gallery-icon landscape'>\n\t\t\t\t<a data-elementor-open-lightbox=\"yes\" data-elementor-lightbox-slideshow=\"b0f0597\" data-elementor-lightbox-title=\"bb_lastoria_gallery_9\" e-action-hash=\"#elementor-action%3Aaction%3Dlightbox%26settings%3DeyJpZCI6NDMwLCJ1cmwiOiJodHRwczpcL1wvd3d3LmJiZWxzYWVjZWNjby5pdFwvd3AtY29udGVudFwvdXBsb2Fkc1wvMjAyMFwvMDFcL2JiX2xhc3RvcmlhX2dhbGxlcnlfOS5qcGciLCJzbGlkZXNob3ciOiJiMGYwNTk3In0%3D\" href='https:\/\/www.bbelsaececco.it\/wp-content\/uploads\/2020\/01\/bb_lastoria_gallery_9.jpg'><img width=\"570\" height=\"469\" src=\"https:\/\/www.bbelsaececco.it\/wp-content\/uploads\/2020\/01\/bb_lastoria_gallery_9.jpg\" class=\"attachment-full size-full\" alt=\"\" decoding=\"async\" loading=\"lazy\" srcset=\"https:\/\/www.bbelsaececco.it\/wp-content\/uploads\/2020\/01\/bb_lastoria_gallery_9.jpg 570w, https:\/\/www.bbelsaececco.it\/wp-content\/uploads\/2020\/01\/bb_lastoria_gallery_9-300x247.jpg 300w\" sizes=\"(max-width: 570px) 100vw, 570px\" \/><\/a>\n\t\t\t<\/div><\/figure><figure class='gallery-item'>\n\t\t\t<div class='gallery-icon landscape'>\n\t\t\t\t<a data-elementor-open-lightbox=\"yes\" data-elementor-lightbox-slideshow=\"b0f0597\" data-elementor-lightbox-title=\"bb_elsa_e_cecco_la_casa_gallery_scala\" e-action-hash=\"#elementor-action%3Aaction%3Dlightbox%26settings%3DeyJpZCI6MTE1NSwidXJsIjoiaHR0cHM6XC9cL3d3dy5iYmVsc2FlY2VjY28uaXRcL3dwLWNvbnRlbnRcL3VwbG9hZHNcLzIwMjBcLzAzXC9iYl9lbHNhX2VfY2VjY29fbGFfY2FzYV9nYWxsZXJ5X3NjYWxhLmpwZyIsInNsaWRlc2hvdyI6ImIwZjA1OTcifQ%3D%3D\" href='https:\/\/www.bbelsaececco.it\/wp-content\/uploads\/2020\/03\/bb_elsa_e_cecco_la_casa_gallery_scala.jpg'><img width=\"570\" height=\"469\" src=\"https:\/\/www.bbelsaececco.it\/wp-content\/uploads\/2020\/03\/bb_elsa_e_cecco_la_casa_gallery_scala.jpg\" class=\"attachment-full size-full\" alt=\"\" decoding=\"async\" loading=\"lazy\" srcset=\"https:\/\/www.bbelsaececco.it\/wp-content\/uploads\/2020\/03\/bb_elsa_e_cecco_la_casa_gallery_scala.jpg 570w, https:\/\/www.bbelsaececco.it\/wp-content\/uploads\/2020\/03\/bb_elsa_e_cecco_la_casa_gallery_scala-300x247.jpg 300w\" sizes=\"(max-width: 570px) 100vw, 570px\" \/><\/a>\n\t\t\t<\/div><\/figure><figure class='gallery-item'>\n\t\t\t<div class='gallery-icon landscape'>\n\t\t\t\t<a data-elementor-open-lightbox=\"yes\" data-elementor-lightbox-slideshow=\"b0f0597\" data-elementor-lightbox-title=\"bb_elsa_e_cecco_la_casa_terrazzo\" e-action-hash=\"#elementor-action%3Aaction%3Dlightbox%26settings%3DeyJpZCI6MTEzNiwidXJsIjoiaHR0cHM6XC9cL3d3dy5iYmVsc2FlY2VjY28uaXRcL3dwLWNvbnRlbnRcL3VwbG9hZHNcLzIwMjBcLzAzXC9iYl9lbHNhX2VfY2VjY29fbGFfY2FzYV90ZXJyYXp6by5qcGciLCJzbGlkZXNob3ciOiJiMGYwNTk3In0%3D\" href='https:\/\/www.bbelsaececco.it\/wp-content\/uploads\/2020\/03\/bb_elsa_e_cecco_la_casa_terrazzo.jpg'><img width=\"570\" height=\"469\" src=\"https:\/\/www.bbelsaececco.it\/wp-content\/uploads\/2020\/03\/bb_elsa_e_cecco_la_casa_terrazzo.jpg\" class=\"attachment-full size-full\" alt=\"\" decoding=\"async\" loading=\"lazy\" srcset=\"https:\/\/www.bbelsaececco.it\/wp-content\/uploads\/2020\/03\/bb_elsa_e_cecco_la_casa_terrazzo.jpg 570w, https:\/\/www.bbelsaececco.it\/wp-content\/uploads\/2020\/03\/bb_elsa_e_cecco_la_casa_terrazzo-300x247.jpg 300w\" sizes=\"(max-width: 570px) 100vw, 570px\" \/><\/a>\n\t\t\t<\/div><\/figure>\n\t\t<\/div>\n\t\t<\/div>\n\t\t\t\t<\/div>\n\t\t\t\t<\/div>\n\t\t\t\t\t\t<\/div>\n\t\t\t\t\t<\/div>\n\t\t<\/div>\n\t\t\t\t\t\t\t\t<\/div>\n\t\t\t\t\t<\/div>\n\t\t<\/section>\n\t\t\t\t<section class=\"elementor-section elementor-top-section elementor-element elementor-element-4ca33da elementor-section-boxed elementor-section-height-default elementor-section-height-default\" data-id=\"4ca33da\" data-element_type=\"section\">\n\t\t\t\t\t\t<div class=\"elementor-container elementor-column-gap-default\">\n\t\t\t\t\t\t\t<div class=\"elementor-row\">\n\t\t\t\t\t<div class=\"elementor-column elementor-col-100 elementor-top-column elementor-element elementor-element-2ce77bf\" data-id=\"2ce77bf\" data-element_type=\"column\">\n\t\t\t<div class=\"elementor-column-wrap elementor-element-populated\">\n\t\t\t\t\t\t\t<div class=\"elementor-widget-wrap\">\n\t\t\t\t\t\t<div class=\"elementor-element elementor-element-c404c94 elementor-align-center elementor-widget elementor-widget-button\" data-id=\"c404c94\" data-element_type=\"widget\" data-widget_type=\"button.default\">\n\t\t\t\t<div class=\"elementor-widget-container\">\n\t\t\t\t\t<div class=\"elementor-button-wrapper\">\n\t\t\t<a href=\"https:\/\/www.bbelsaececco.it\/fr\/ecrivez-nous\/\" class=\"elementor-button-link elementor-button elementor-size-lg\" role=\"button\">\n\t\t\t\t\t\t<span class=\"elementor-button-content-wrapper\">\n\t\t\t\t\t\t<span class=\"elementor-button-text\">Informations requises<\/span>\n\t\t<\/span>\n\t\t\t\t\t<\/a>\n\t\t<\/div>\n\t\t\t\t<\/div>\n\t\t\t\t<\/div>\n\t\t\t\t\t\t<\/div>\n\t\t\t\t\t<\/div>\n\t\t<\/div>\n\t\t\t\t\t\t\t\t<\/div>\n\t\t\t\t\t<\/div>\n\t\t<\/section>\n\t\t\t\t\t\t\t\t\t<\/div>\n\t\t\t<\/div>\n\t\t\t\t\t<\/div>\n\t\t","protected":false},"excerpt":{"rendered":"<p>La maison Une maison pleine de lumi\u00e8re avec un grand jardin, o\u00f9 vivent deux chiens mignons. Une grande partie du mobilier a \u00e9t\u00e9 con\u00e7ue par Cecco lui-m\u00eame dans les ann\u00e9es 1950. Depuis le quartier Madonna delle Rose, vous pouvez facilement rejoindre le centre-ville, pour d\u00e9couvrir son patrimoine riche en histoire et en culture. Informations requises &hellip;<\/p>\n<p class=\"read-more\"> <a class=\"\" href=\"https:\/\/www.bbelsaececco.it\/fr\/maison\/\"> <span class=\"screen-reader-text\">La Maison<\/span> Lire la suite\u00a0\u00bb<\/a><\/p>\n","protected":false},"author":1,"featured_media":0,"parent":0,"menu_order":0,"comment_status":"closed","ping_status":"closed","template":"","meta":{"site-sidebar-layout":"no-sidebar","site-content-layout":"page-builder","ast-site-content-layout":"","site-content-style":"default","site-sidebar-style":"default","ast-global-header-display":"","ast-banner-title-visibility":"","ast-main-header-display":"","ast-hfb-above-header-display":"","ast-hfb-below-header-display":"","ast-hfb-mobile-header-display":"","site-post-title":"disabled","ast-breadcrumbs-content":"","ast-featured-img":"disabled","footer-sml-layout":"","theme-transparent-header-meta":"default","adv-header-id-meta":"","stick-header-meta":"","header-above-stick-meta":"","header-main-stick-meta":"","header-below-stick-meta":"","astra-migrate-meta-layouts":"","ast-page-background-enabled":"default","ast-page-background-meta":{"desktop":{"background-color":"","background-image":"","background-repeat":"repeat","background-position":"center center","background-size":"auto","background-attachment":"scroll","background-type":"","background-media":"","overlay-type":"","overlay-color":"","overlay-gradient":""},"tablet":{"background-color":"","background-image":"","background-repeat":"repeat","background-position":"center center","background-size":"auto","background-attachment":"scroll","background-type":"","background-media":"","overlay-type":"","overlay-color":"","overlay-gradient":""},"mobile":{"background-color":"","background-image":"","background-repeat":"repeat","background-position":"center center","background-size":"auto","background-attachment":"scroll","background-type":"","background-media":"","overlay-type":"","overlay-color":"","overlay-gradient":""}},"ast-content-background-meta":{"desktop":{"background-color":"var(--ast-global-color-5)","background-image":"","background-repeat":"repeat","background-position":"center center","background-size":"auto","background-attachment":"scroll","background-type":"","background-media":"","overlay-type":"","overlay-color":"","overlay-gradient":""},"tablet":{"background-color":"var(--ast-global-color-5)","background-image":"","background-repeat":"repeat","background-position":"center center","background-size":"auto","background-attachment":"scroll","background-type":"","background-media":"","overlay-type":"","overlay-color":"","overlay-gradient":""},"mobile":{"background-color":"var(--ast-global-color-5)","background-image":"","background-repeat":"repeat","background-position":"center center","background-size":"auto","background-attachment":"scroll","background-type":"","background-media":"","overlay-type":"","overlay-color":"","overlay-gradient":""}},"footnotes":""},"yoast_head":"<!-- This site is optimized with the Yoast SEO plugin v18.5.1 - https:\/\/yoast.com\/wordpress\/plugins\/seo\/ -->\n<title>La Maison - B&amp;B Elsa e Cecco<\/title>\n<meta name=\"description\" content=\"Chambre d&#039;h\u00f4tes L&#039;Elsa e Cecco. Appartement \u00e0 louer dans le centre historique de Cesena.\" \/>\n<meta name=\"robots\" content=\"index, follow, max-snippet:-1, max-image-preview:large, max-video-preview:-1\" \/>\n<link rel=\"canonical\" href=\"https:\/\/www.bbelsaececco.it\/fr\/maison\/\" \/>\n<meta property=\"og:locale\" content=\"fr_FR\" \/>\n<meta property=\"og:type\" content=\"article\" \/>\n<meta property=\"og:title\" content=\"La Maison - B&amp;B Elsa e Cecco\" \/>\n<meta property=\"og:description\" content=\"Chambre d&#039;h\u00f4tes L&#039;Elsa e Cecco. Appartement \u00e0 louer dans le centre historique de Cesena.\" \/>\n<meta property=\"og:url\" content=\"https:\/\/www.bbelsaececco.it\/fr\/maison\/\" \/>\n<meta property=\"og:site_name\" content=\"B&amp;B Elsa e Cecco\" \/>\n<meta property=\"article:modified_time\" content=\"2020-03-26T14:20:58+00:00\" \/>\n<meta property=\"og:image\" content=\"https:\/\/www.bbelsaececco.it\/wp-content\/uploads\/2020\/03\/bb_lacasa_banner.png\" \/>\n<meta name=\"twitter:card\" content=\"summary_large_image\" \/>\n<meta name=\"twitter:label1\" content=\"Dur\u00e9e de lecture estim\u00e9e\" \/>\n\t<meta name=\"twitter:data1\" content=\"1 minute\" \/>\n<script type=\"application\/ld+json\" class=\"yoast-schema-graph\">{\"@context\":\"https:\/\/schema.org\",\"@graph\":[{\"@type\":\"WebSite\",\"@id\":\"https:\/\/www.bbelsaececco.it\/#website\",\"url\":\"https:\/\/www.bbelsaececco.it\/\",\"name\":\"B&amp;B Elsa e Cecco\",\"description\":\"B&amp;B\",\"potentialAction\":[{\"@type\":\"SearchAction\",\"target\":{\"@type\":\"EntryPoint\",\"urlTemplate\":\"https:\/\/www.bbelsaececco.it\/?s={search_term_string}\"},\"query-input\":\"required name=search_term_string\"}],\"inLanguage\":\"fr-FR\"},{\"@type\":\"ImageObject\",\"@id\":\"https:\/\/www.bbelsaececco.it\/fr\/maison\/#primaryimage\",\"inLanguage\":\"fr-FR\",\"url\":\"https:\/\/www.bbelsaececco.it\/wp-content\/uploads\/2020\/03\/bb_lacasa_banner.png\",\"contentUrl\":\"https:\/\/www.bbelsaececco.it\/wp-content\/uploads\/2020\/03\/bb_lacasa_banner.png\",\"width\":800,\"height\":809},{\"@type\":\"WebPage\",\"@id\":\"https:\/\/www.bbelsaececco.it\/fr\/maison\/#webpage\",\"url\":\"https:\/\/www.bbelsaececco.it\/fr\/maison\/\",\"name\":\"La Maison - B&amp;B Elsa e Cecco\",\"isPartOf\":{\"@id\":\"https:\/\/www.bbelsaececco.it\/#website\"},\"primaryImageOfPage\":{\"@id\":\"https:\/\/www.bbelsaececco.it\/fr\/maison\/#primaryimage\"},\"datePublished\":\"2020-03-18T16:47:08+00:00\",\"dateModified\":\"2020-03-26T14:20:58+00:00\",\"description\":\"Chambre d'h\u00f4tes L'Elsa e Cecco. Appartement \u00e0 louer dans le centre historique de Cesena.\",\"breadcrumb\":{\"@id\":\"https:\/\/www.bbelsaececco.it\/fr\/maison\/#breadcrumb\"},\"inLanguage\":\"fr-FR\",\"potentialAction\":[{\"@type\":\"ReadAction\",\"target\":[\"https:\/\/www.bbelsaececco.it\/fr\/maison\/\"]}]},{\"@type\":\"BreadcrumbList\",\"@id\":\"https:\/\/www.bbelsaececco.it\/fr\/maison\/#breadcrumb\",\"itemListElement\":[{\"@type\":\"ListItem\",\"position\":1,\"name\":\"Home\",\"item\":\"https:\/\/www.bbelsaececco.it\/fr\/\"},{\"@type\":\"ListItem\",\"position\":2,\"name\":\"La Maison\"}]}]}<\/script>\n<!-- \/ Yoast SEO plugin. -->","yoast_head_json":{"title":"La Maison - B&amp;B Elsa e Cecco","description":"Chambre d'h\u00f4tes L'Elsa e Cecco. Appartement \u00e0 louer dans le centre historique de Cesena.","robots":{"index":"index","follow":"follow","max-snippet":"max-snippet:-1","max-image-preview":"max-image-preview:large","max-video-preview":"max-video-preview:-1"},"canonical":"https:\/\/www.bbelsaececco.it\/fr\/maison\/","og_locale":"fr_FR","og_type":"article","og_title":"La Maison - B&amp;B Elsa e Cecco","og_description":"Chambre d'h\u00f4tes L'Elsa e Cecco. Appartement \u00e0 louer dans le centre historique de Cesena.","og_url":"https:\/\/www.bbelsaececco.it\/fr\/maison\/","og_site_name":"B&amp;B Elsa e Cecco","article_modified_time":"2020-03-26T14:20:58+00:00","og_image":[{"url":"https:\/\/www.bbelsaececco.it\/wp-content\/uploads\/2020\/03\/bb_lacasa_banner.png"}],"twitter_card":"summary_large_image","twitter_misc":{"Dur\u00e9e de lecture estim\u00e9e":"1 minute"},"schema":{"@context":"https:\/\/schema.org","@graph":[{"@type":"WebSite","@id":"https:\/\/www.bbelsaececco.it\/#website","url":"https:\/\/www.bbelsaececco.it\/","name":"B&amp;B Elsa e Cecco","description":"B&amp;B","potentialAction":[{"@type":"SearchAction","target":{"@type":"EntryPoint","urlTemplate":"https:\/\/www.bbelsaececco.it\/?s={search_term_string}"},"query-input":"required name=search_term_string"}],"inLanguage":"fr-FR"},{"@type":"ImageObject","@id":"https:\/\/www.bbelsaececco.it\/fr\/maison\/#primaryimage","inLanguage":"fr-FR","url":"https:\/\/www.bbelsaececco.it\/wp-content\/uploads\/2020\/03\/bb_lacasa_banner.png","contentUrl":"https:\/\/www.bbelsaececco.it\/wp-content\/uploads\/2020\/03\/bb_lacasa_banner.png","width":800,"height":809},{"@type":"WebPage","@id":"https:\/\/www.bbelsaececco.it\/fr\/maison\/#webpage","url":"https:\/\/www.bbelsaececco.it\/fr\/maison\/","name":"La Maison - B&amp;B Elsa e Cecco","isPartOf":{"@id":"https:\/\/www.bbelsaececco.it\/#website"},"primaryImageOfPage":{"@id":"https:\/\/www.bbelsaececco.it\/fr\/maison\/#primaryimage"},"datePublished":"2020-03-18T16:47:08+00:00","dateModified":"2020-03-26T14:20:58+00:00","description":"Chambre d'h\u00f4tes L'Elsa e Cecco. Appartement \u00e0 louer dans le centre historique de Cesena.","breadcrumb":{"@id":"https:\/\/www.bbelsaececco.it\/fr\/maison\/#breadcrumb"},"inLanguage":"fr-FR","potentialAction":[{"@type":"ReadAction","target":["https:\/\/www.bbelsaececco.it\/fr\/maison\/"]}]},{"@type":"BreadcrumbList","@id":"https:\/\/www.bbelsaececco.it\/fr\/maison\/#breadcrumb","itemListElement":[{"@type":"ListItem","position":1,"name":"Home","item":"https:\/\/www.bbelsaececco.it\/fr\/"},{"@type":"ListItem","position":2,"name":"La Maison"}]}]}},"_links":{"self":[{"href":"https:\/\/www.bbelsaececco.it\/fr\/wp-json\/wp\/v2\/pages\/1179"}],"collection":[{"href":"https:\/\/www.bbelsaececco.it\/fr\/wp-json\/wp\/v2\/pages"}],"about":[{"href":"https:\/\/www.bbelsaececco.it\/fr\/wp-json\/wp\/v2\/types\/page"}],"author":[{"embeddable":true,"href":"https:\/\/www.bbelsaececco.it\/fr\/wp-json\/wp\/v2\/users\/1"}],"replies":[{"embeddable":true,"href":"https:\/\/www.bbelsaececco.it\/fr\/wp-json\/wp\/v2\/comments?post=1179"}],"version-history":[{"count":14,"href":"https:\/\/www.bbelsaececco.it\/fr\/wp-json\/wp\/v2\/pages\/1179\/revisions"}],"predecessor-version":[{"id":1216,"href":"https:\/\/www.bbelsaececco.it\/fr\/wp-json\/wp\/v2\/pages\/1179\/revisions\/1216"}],"wp:attachment":[{"href":"https:\/\/www.bbelsaececco.it\/fr\/wp-json\/wp\/v2\/media?parent=1179"}],"curies":[{"name":"wp","href":"https:\/\/api.w.org\/{rel}","templated":true}]}}